{"id":245,"date":"2017-01-22T11:49:30","date_gmt":"2017-01-22T10:49:30","guid":{"rendered":"http:\/\/lakossag.gyori.co.hu\/?page_id=245"},"modified":"2026-02-02T14:27:24","modified_gmt":"2026-02-02T13:27:24","slug":"szinhaz","status":"publish","type":"page","link":"https:\/\/otthon.kaposvar.hu\/hu\/lakossagi-informaciok\/kultura\/szinhaz\/","title":{"rendered":"Sz\u00ednh\u00e1z"},"content":{"rendered":"<p><\/p>\n<h2 class=\"kv-page-content-title\">Csiky Gergely Sz\u00ednh\u00e1z \u00e9s Kultur\u00e1lis K\u00f6zpont<\/h2>\n<h4 class=\"kv-page-content-paragraphtitle\">Igazgat\u00f3: Nagy Viktor<\/h4>\n<div class=\"kv-page-margin-05\">\u00a0<\/div>\n<h3 class=\"kv-page-content-subtitle\">Az 1911-re elk\u00e9sz\u00fclt \u00e9p\u00fclet<\/h3>\n<p>A R\u00e1k\u00f3czi t\u00e9ren emelkedik a v\u00e1ros m\u0171vel\u0151d\u00e9s\u00e9ben hangs\u00falyos szerepet j\u00e1tsz\u00f3 Csiky Gergely Sz\u00ednh\u00e1z szecesszi\u00f3s st\u00edlus\u00fa, m\u0171eml\u00e9ki v\u00e9delem alatt \u00e1ll\u00f3 \u00e9p\u00fclete.<\/p>\n<p>A 19. sz\u00e1zad v\u00e9g\u00e9n a S\u00e9tat\u00e9ren (a mai J\u00f3kai ligetben) \u00e9p\u00fclt ugyan egy ny\u00e1ri sz\u00ednh\u00e1z, de a helyi sajt\u00f3 m\u00e1r az 1890-es \u00e9vekt\u0151l s\u00fcrgette egy \u00e1lland\u00f3 k\u0151sz\u00ednh\u00e1z \u00e9p\u00edt\u00e9s\u00e9t. A v\u00e1ros vezet\u0151i a B\u00faza t\u00e9ren (a mai R\u00e1k\u00f3czi t\u00e9ren) kijel\u00f6lt\u00e9k a sz\u00ednh\u00e1z hely\u00e9t, s 1908-ban meghirdett\u00e9k a nyilv\u00e1nos p\u00e1ly\u00e1zatot egy vasbeton szerkezet\u0171 sz\u00ednh\u00e1z terveinek elk\u00e9sz\u00edt\u00e9s\u00e9re. Magyar Ede \u00e9s Stahl J\u00f3zsef szegedi \u00e9p\u00edt\u00e9szek terveit fogadt\u00e1k el, majd 1910-ben Melocco P\u00e9ter f\u0151v\u00e1rosi v\u00e1llalkoz\u00f3t b\u00edzt\u00e1k meg a kivitelez\u00e9ssel.<\/p>\n<p>Az \u00e9p\u00fclet k\u00fclseje, amely l\u00e9nyegesen egyszer\u0171bb, mint a n\u00e9z\u0151t\u00e9r, f\u00e9lhengeres oldalrizalitjaival, mozgalmas t\u00f6meg- \u00e9s tet\u0151megold\u00e1saival a kor kiemelked\u0151 \u00e9p\u00edt\u00e9szeti alkot\u00e1sa. A Nemzeti Sz\u00ednh\u00e1zat (ahogy akkoriban nevezt\u00e9k) eredetileg 1400 ember befogad\u00e1s\u00e1ra tervezt\u00e9k. K\u00e9s\u0151bb a terveket m\u00f3dos\u00edtott\u00e1k, \u00edgy csup\u00e1n 860 f\u0151 a n\u00e9z\u0151t\u00e9r befogad\u00f3k\u00e9pess\u00e9ge, de ez is el\u00e9g ahhoz, hogy az orsz\u00e1g nagy sz\u00ednh\u00e1zai k\u00f6z\u00e9 lehessen sorolni. A sz\u00ednh\u00e1z tet\u0151szerkezet\u00e9nek nagym\u00e9ret\u0171 vasbeton \u00e1thidal\u00e1s\u00e1t az ilyen szerkezetek k\u00f6z\u00f6tti megold\u00e1sok \u00fatt\u00f6r\u0151jek\u00e9nt tartja sz\u00e1mon a magyar \u00e9p\u00edt\u00e9szett\u00f6rt\u00e9net. A n\u00e9z\u0151t\u00e9r d\u00edszes ornament\u00e1lis elemeit, mint legszebb r\u00e9szleteket, egy helyi v\u00e1llalkoz\u00e1s, a Borovitz-f\u00e9le cementgy\u00e1r k\u00e9sz\u00edtette.<\/p>\n<p>Az els\u0151 vil\u00e1gh\u00e1bor\u00faban \u201ebetegnyugv\u00f3 \u00e1llom\u00e1s\u201d volt a sz\u00ednh\u00e1zban, azaz a harcok sor\u00e1n megsebes\u00fclt katon\u00e1knak adt\u00e1k \u00e1t az \u00e9p\u00fcletet. Az 1950-es \u00e9vekben az \u00e9p\u00fcletet kib\u0151v\u00edtett\u00e9k, ami els\u0151sorban a j\u00e1t\u00e9kteret \u00e9rintette. Az 1980-as \u00e9vek elej\u00e9n teljes fel\u00faj\u00edt\u00e1son esett \u00e1t, ekkor \u00e9p\u00edtett\u00e9k be a ma is haszn\u00e1lt sz\u00ednpadtechnikai elemek (s\u00fcllyed\u0151k, l\u00e1mp\u00e1k) nagy r\u00e9sz\u00e9t, 2013-ban pedig sor ker\u00fclt a n\u00e9z\u0151t\u00e9r meg\u00faj\u00edt\u00e1s\u00e1ra, a n\u00e9z\u0151t\u00e9ri sz\u00e9kek cser\u00e9j\u00e9re. 2016-2019 k\u00f6z\u00f6tt \u00fajabb teljesk\u00f6r\u0171 fel\u00faj\u00edt\u00e1s, korszer\u0171s\u00edt\u00e9s k\u00f6vetkezett, amelynek k\u00f6sz\u00f6nhet\u0151en a Csiky Gergely Sz\u00ednh\u00e1z a k\u00f6z\u00e9p-eur\u00f3pai sz\u00ednh\u00e1zak \u00e9lvonal\u00e1ba emelkedett sz\u00ednpadtechnikai megold\u00e1sok tekintet\u00e9ben. A m\u0171eml\u00e9kv\u00e9delem alatt \u00e1ll\u00f3 \u00e9p\u00fcletr\u00e9sz \u2013 a m\u0171eml\u00e9kv\u00e9delmet \u00e9s a k\u00f6z\u00f6ns\u00e9g ig\u00e9nyeit \u00e9s k\u00e9nyelm\u00e9t szem el\u0151tt tartva \u2013 fogad\u00f3t\u00e9rrel b\u0151v\u00fclt. A kor\u00e1bbi kiszolg\u00e1l\u00f3 \u00e9p\u00fcletr\u00e9szt teljes eg\u00e9sz\u00e9ben lebontott\u00e1k \u00e9s \u00fajj\u00e1\u00e9p\u00edtett\u00e9k, a kamarasz\u00ednpad (m\u00e1ra m\u00e1r Hunyadk\u00fcrti Gy\u00f6rgy Kamarasz\u00ednpad) \u00e9s a st\u00fadi\u00f3 is itt kapott helyet. A 2019. november 11-\u00e9n \u00e1tadott, h\u00e1rom j\u00e1tsz\u00f3hellyel b\u00fcszk\u00e9lkedhet\u0151 sz\u00ednh\u00e1z nem csak a szomsz\u00e9ds\u00e1g\u00e1ban elter\u00fcl\u0151 Sz\u00ednh\u00e1z park \u00e9ke, Kaposv\u00e1r egyik legszebb, legnevezetesebb l\u00e1tnival\u00f3ja.<\/p>\n<h3 class=\"kv-page-content-subtitle\">A m\u0171v\u00e9szi munka \u00e9s az \u00f6n\u00e1ll\u00f3 t\u00e1rsulat<\/h3>\n<p>A sz\u00ednj\u00e1tsz\u00e1snak m\u00e1r a reformkorban is jelent\u0151s szerepe volt az akkori mez\u0151v\u00e1ros \u00e9let\u00e9ben. El\u0151sz\u00f6r val\u00f3sz\u00edn\u0171leg 1821-ben j\u00e1tszott\u00e1k itt az \u00d6zvegy Karny\u00f3n\u00e9t, 1828-ban pedig m\u00e9g a v\u00e1rosh\u00e1za \u00fcl\u00e9sterm\u00e9t is \u00e1tengedt\u00e9k sz\u00edniel\u0151ad\u00e1sok c\u00e9lj\u00e1ra. 1830. augusztus 2-\u00e1n mutatt\u00e1k be a Hamletet a Korona Sz\u00e1ll\u00f3ban, s ugyanebben az \u00e9vben a Piac t\u00e9ren (ma Kossuth t\u00e9r) szabadt\u00e9ri el\u0151ad\u00e1st is tartottak. M\u00e1r a 19. sz\u00e1zadban is t\u00f6bbsz\u00f6r kerest\u00e9k fel a v\u00e1rost a kor jeles t\u00e1rsulatai. 1878. m\u00e1rcius 28-\u00e1n maga Blaha Lujza j\u00e1tszotta A falu rossza f\u0151szerep\u00e9t a megyeh\u00e1za nagyterm\u00e9ben. A v\u00e1ros m\u0171kedvel\u0151 egy\u00fcttes\u00e9nek \u00e9s dal\u00e1rd\u00e1j\u00e1nak megh\u00edv\u00e1s\u00e1ra Egressy G\u00e1bor, Prielle Korn\u00e9lia \u00e9s J\u00e1szai Mari is j\u00e1tszott a megyesz\u00e9khely alkalmi sz\u00ednpad\u00e1n. A m\u0171kedvel\u0151 el\u0151ad\u00e1sok lelkes szervez\u0151je a hajdani sz\u00edn\u00e9sz, Tar Csat\u00e1r volt.<\/p>\n<p>A k\u0151sz\u00ednh\u00e1z kapuit ifj. Johann Strauss Cig\u00e1nyb\u00e1r\u00f3 c\u00edm\u0171 operettj\u00e9vel nyitott\u00e1k meg 1911. szeptember 2-\u00e1n. 1925. janu\u00e1r 19-\u00e9n Bart\u00f3k B\u00e9la adott itt hangversenyt. A sz\u00ednh\u00e1z l\u00e1tv\u00e1nyos, mondhatni viharos sikerek helysz\u00edne is volt. 1955-ben kapott \u00e1lland\u00f3 sz\u00ednt\u00e1rsulatot, ekkort\u00f3l viseli Csiky Gergely nev\u00e9t is.<\/p>\n<p>A kaposv\u00e1ri Csiky Gergely Sz\u00ednh\u00e1zat \u00e9vtizedek \u00f3ta az orsz\u00e1g egyik legjobb t\u00e1rsulatak\u00e9nt tartj\u00e1k sz\u00e1mon. El\u0151ad\u00e1sai hazai \u00e9s k\u00fclf\u00f6ldi fesztiv\u00e1lokon sz\u00e1mtalan d\u00edjat nyertek.<\/p>\n<p>A te\u00e1trum az 1970-es \u00e9vek elej\u00e9t\u0151l a magyar sz\u00ednh\u00e1zi \u00e9let meghat\u00e1roz\u00f3 t\u00e1rsulata volt; egyike azon kev\u00e9s sz\u00ednh\u00e1zaknak, amelyek az \u00f6tvenes \u00e9vek k\u00f6zep\u00e9n vil\u00e1gszerte kibontakoz\u00f3 sz\u00ednh\u00e1zi forradalom magyarorsz\u00e1gi folytat\u00f3i, eredm\u00e9nyeinek adapt\u00e1l\u00f3i lettek. A sz\u00ednh\u00e1z sokat tett az \u00faj, \u00e9rt\u0151 k\u00f6z\u00f6ns\u00e9g kinevel\u00e9se \u00e9rdek\u00e9ben. T\u00f6bb gyermek- \u00e9s feln\u0151ttel\u0151ad\u00e1sa orsz\u00e1gosan is ismertt\u00e9 v\u00e1lt. Sz\u00e1mos produkci\u00f3j\u00e1t k\u00f6zvet\u00edtette a Magyar Telev\u00edzi\u00f3.<\/p>\n<p>Legnagyobb sikereit Babarczy L\u00e1szl\u00f3 mintegy harminc \u00e9vig tart\u00f3 vezet\u00e9se alatt \u00e9rte el. Sz\u00e1mos kiv\u00e1l\u00f3 el\u0151ad\u00e1sa k\u00f6z\u00fcl is kiemelkedett a Marat hal\u00e1la; a darabot 1981. december 4-\u00e9n mutatt\u00e1k be. 1982-ben a Bitef nemzetk\u00f6zi fesztiv\u00e1lon mind a h\u00e1rom kioszthat\u00f3 d\u00edjat a kaposv\u00e1riaknak adt\u00e1k \u00e1t. A darabot t\u00f6bb mint sz\u00e1zszor j\u00e1tszott\u00e1k, ami vid\u00e9ki sz\u00ednh\u00e1zak eset\u00e9ben m\u00e9g operettekn\u00e9l sem gyakori.<\/p>\n<p>A sz\u00ednh\u00e1z jelenlegi igazgat\u00f3ja Nagy Viktor, aki dr. F\u00fcl\u00f6p P\u00e9ter hely\u00e9t vette \u00e1t a vezet\u0151i sz\u00e9kben.\u00a0<\/p>\n<h3 class=\"kv-page-content-subtitle\">A k\u00f6zelm\u00falt b\u00fcszkes\u00e9gei \u2013 n\u00e9h\u00e1ny p\u00e9lda<\/h3>\n<p>A sz\u00ednh\u00e1z \u00e1lland\u00f3 T\u00e1rsulata a 2025\/2026-os \u00e9vadban \u00fcnnepli fenn\u00e1ll\u00e1s\u00e1nak 70 \u00e9ves \u00e9vfordul\u00f3j\u00e1t. A jubileumi \u00e9vadban sz\u00e1mos esem\u00e9nnyel v\u00e1rj\u00e1k az \u00e9rdekl\u0151d\u0151ket: m\u00faltid\u00e9z\u0151 besz\u00e9lget\u00e9sekkel a \u201eh\u0151skorszak\u201d f\u0151szerepl\u0151ivel, az elm\u00falt 70 \u00e9vet fel\u00f6lel\u0151 ki\u00e1ll\u00edt\u00e1ssal, kulisszaj\u00e1r\u00e1sokkal, ny\u00edlt nappal pr\u00f3b\u00e1kkal, \u00e9vadz\u00e1r\u00f3 sz\u00ednh\u00e1zi piknikkel \u00e9s k\u00f6z\u00f6ns\u00e9gszavaz\u00e1ssal. A sz\u00ednh\u00e1z hosszabb t\u00e1v\u00fa egy\u00fcttm\u0171k\u00f6d\u00e9st kezdem\u00e9nyezett a MATE Rippl-R\u00f3nai M\u0171v\u00e9szeti Int\u00e9zettel, az egyetem sz\u00edn\u00e9sz \u00e9s l\u00e1tv\u00e1nytervez\u0151 szakos hallgat\u00f3i sz\u00e1m\u00e1ra is lehet\u0151s\u00e9get biztos\u00edt. Kedvezm\u00e9nyekkel \u00e9s akci\u00f3kkal seg\u00edti a n\u00e9z\u0151k kult\u00farafogyaszt\u00e1s\u00e1t. Azon el\u0151ad\u00e1sok eset\u00e9ben, amelyek t\u00f6rt\u00e9nete indokoltt\u00e1 teszi dr\u00e1mapedag\u00f3gia-foglalkoz\u00e1sok k\u00f6nny\u00edtik meg az el\u0151ad\u00e1sok feldolgoz\u00e1s\u00e1t.\u00a0<\/p>\n<p>Sz\u00e1mos hazai \u00e9s hat\u00e1ron t\u00fali vend\u00e9gj\u00e1t\u00e9k mellett sz\u00ednh\u00e1zi fesztiv\u00e1lok megm\u00e9rettet\u00e9seit is v\u00e1llalja a te\u00e1trum. Az \u00f6t \u00e9v ut\u00e1n \u00fajj\u00e1\u00e9lesztett Orsz\u00e1gos Sz\u00ednh\u00e1zi Tal\u00e1lkoz\u00f3nak els\u0151k\u00e9nt adott otthont 2024-ben, a 2025-\u00f6s fesztiv\u00e1l versenyprogramj\u00e1ba jutott \u0150szi \u00e1lom c\u00edm\u0171 \u00e9letj\u00e1t\u00e9k\u00e1val. A JELEN\/L\u00c9T fesztiv\u00e1lon n\u00e9gy kateg\u00f3ri\u00e1ban d\u00edjazt\u00e1k a Karav\u00e1n Sz\u00ednh\u00e1z \u00e9s M\u0171v\u00e9szeti Alap\u00edtv\u00e1nnyal koprodukci\u00f3ban megval\u00f3s\u00edtott Jelenetek egy h\u00e1zass\u00e1gb\u00f3l c\u00edm\u0171 el\u0151ad\u00e1st. Az ASSITEJ Nemzetk\u00f6zi Gyermek- \u00e9s Ifj\u00fas\u00e1gi Sz\u00ednh\u00e1zi Bienn\u00e1l\u00e9 \u00e1lland\u00f3 h\u00e1zigazd\u00e1ja, r\u00e9sztvev\u0151je. Az \u00d6rd\u00f6gkatlan Fesztiv\u00e1l t\u00e1mogat\u00f3ja. A kaposv\u00e1ri el\u0151ad\u00e1sokban a hazai sz\u00ednh\u00e1zi \u00e9let nagyjai szerepelnek vend\u00e9gm\u0171v\u00e9szk\u00e9nt. T\u00f6bb el\u0151ad\u00e1s koprodukci\u00f3ban \u2013 budapesti \u00e9s vid\u00e9ki sz\u00ednh\u00e1zakkal val\u00f3 egy\u00fcttm\u0171k\u00f6d\u00e9sben \u2013 is k\u00e9sz\u00fclt az ut\u00f3bbi \u00e9vekben. Nemcsak a magyar \u00e9s a vil\u00e1girodalom klasszikusait \u00e9s kort\u00e1rs remekm\u0171veit t\u0171zi m\u0171sorra a sz\u00ednh\u00e1z \u00e9vr\u0151l \u00e9vre, de t\u00f6bb \u0151sbemutat\u00f3t is tart. Sz\u00ednm\u0171v\u00e9szeiket \u00e9s h\u00e1tt\u00e9rdolgoz\u00f3ikat sz\u00e1mos d\u00edjjal t\u00fcntett\u00e9k ki az elm\u00falt \u00e9vekben: t\u00f6bbek k\u00f6z\u00f6tt J\u00e1szai Mari-d\u00edjjal, Kaposv\u00e1r V\u00e1ros\u00e9rt \u00e9s Kaposv\u00e1r V\u00e1ros Szolg\u00e1lat\u00e1\u00e9rt d\u00edjjal, Prima Junior d\u00edjjal, \u00c9rdemes M\u0171v\u00e9sz d\u00edjjal, Magyar Bronz \u00c9rdemkereszt kit\u00fcntet\u00e9ssel.<\/p>\n<p>A t\u00e1rsulat ismertebb egykori \u00e9s jelenlegi tagjai (a teljess\u00e9g ig\u00e9nye n\u00e9lk\u00fcl): <br \/>\nB\u00e1sti Juli, Bezer\u00e9di Zolt\u00e1n, Cs\u00e1k\u00e1nyi Eszter, Helyey L\u00e1szl\u00f3, Jord\u00e1n Tam\u00e1s, Koltai R\u00f3bert, Kulka J\u00e1nos, L\u00e1z\u00e1r Kati, Luk\u00e1ts Andor, M\u00e1t\u00e9 G\u00e1bor, Moln\u00e1r Piroska, Pog\u00e1ny Judit, Znamen\u00e1k Istv\u00e1n; Csap\u00f3 Vir\u00e1g, Gyuricza Istv\u00e1n, Hunyadk\u00fcrti Gy\u00f6rgy, Kelemen J\u00f3zsef, Kov\u00e1cs Zsolt, N\u00e9medi \u00c1rp\u00e1d, Ny\u00e1ri Szilvia, Sarkadi Kiss J\u00e1nos, Tak\u00e1cs Kati, T\u00f3th Eleon\u00f3ra, Varga Zsuzsa.<\/p>\n<p>&nbsp;<\/p>\n<h3 class=\"kv-page-content-subtitle\">El\u00e9rhet\u0151s\u00e9gek<\/h3>\n<p class=\"kv-page-content-paragraph\"><strong>Csiky Gergely Sz\u00ednh\u00e1z K\u00f6zhaszn\u00fa Nonprofit Kft.<\/strong><br \/>\n7400 Kaposv\u00e1r, R\u00e1k\u00f3czi t\u00e9r<br \/>\nTelefon: +36 (82) 528 450<br \/>\nE-mail: titkarsag@csiky.hu<br \/>\nHonlap: www.csiky.hu<\/p>\n<h3 class=\"kv-page-content-subtitle\">Jegyiroda<\/h3>\n<p class=\"kv-page-content-paragraph\">Telefon: +36 (82) 511-207, +36 (82) 511-208<br \/>\nE-mail: <a href=\"mailto:jegyiroda@csiky.hu\">jegyiroda@csiky.hu<\/a><\/p>\n<h3 class=\"kv-page-content-subtitle\">Jegyiroda nyitvatart\u00e1s<\/h3>\n<p>h\u00e9tf\u0151 &#8211; p\u00e9ntek\u00a0 9.00-17.00<br \/>\nel\u0151ad\u00e1sok napj\u00e1n 19.00-ig<br \/>\nszombat &#8211; vas\u00e1rnap: el\u0151ad\u00e1s kezd\u00e9s el\u0151tt 1 \u00f3r\u00e1val<\/p>\n<h3 class=\"kv-page-content-subtitle\">Jelmezk\u00f6lcs\u00f6nz\u00e9s<\/h3>\n<p class=\"kv-page-content-paragraph\">E-mail: <a href=\"mailto:kolcsonzes@csiky.hu\">kolcsonzes@csiky.hu<\/a><\/p>\n<h3 class=\"kv-page-content-subtitle\"><img loading=\"lazy\" class=\"alignnone size-full wp-image-12302\" src=\"https:\/\/otthon.kaposvar.hu\/wp-content\/uploads\/2026\/02\/csikygergelyszi\u0301nha\u0301z-scaled.jpg\" alt=\"\" width=\"2560\" height=\"1600\" srcset=\"https:\/\/otthon.kaposvar.hu\/wp-content\/uploads\/2026\/02\/csikygergelyszi\u0301nha\u0301z-scaled.jpg 2560w, https:\/\/otthon.kaposvar.hu\/wp-content\/uploads\/2026\/02\/csikygergelyszi\u0301nha\u0301z-300x188.jpg 300w, https:\/\/otthon.kaposvar.hu\/wp-content\/uploads\/2026\/02\/csikygergelyszi\u0301nha\u0301z-1024x640.jpg 1024w, https:\/\/otthon.kaposvar.hu\/wp-content\/uploads\/2026\/02\/csikygergelyszi\u0301nha\u0301z-768x480.jpg 768w, https:\/\/otthon.kaposvar.hu\/wp-content\/uploads\/2026\/02\/csikygergelyszi\u0301nha\u0301z-1536x960.jpg 1536w, https:\/\/otthon.kaposvar.hu\/wp-content\/uploads\/2026\/02\/csikygergelyszi\u0301nha\u0301z-2048x1280.jpg 2048w, https:\/\/otthon.kaposvar.hu\/wp-content\/uploads\/2026\/02\/csikygergelyszi\u0301nha\u0301z-1920x1200.jpg 1920w\" sizes=\"(max-width: 2560px) 100vw, 2560px\" \/><\/h3>\n<p>&nbsp;<\/p>\n<div class=\"kv-page-margin-1\">\u00a0<\/div>\n<p><\/p>","protected":false},"excerpt":{"rendered":"<p>Csiky Gergely Sz\u00ednh\u00e1z \u00e9s Kultur\u00e1lis K\u00f6zpont Igazgat\u00f3: Nagy Viktor \u00a0 Az 1911-re elk\u00e9sz\u00fclt \u00e9p\u00fclet A R\u00e1k\u00f3czi t\u00e9ren emelkedik a v\u00e1ros m\u0171vel\u0151d\u00e9s\u00e9ben hangs\u00falyos szerepet j\u00e1tsz\u00f3 Csiky Gergely Sz\u00ednh\u00e1z szecesszi\u00f3s st\u00edlus\u00fa, m\u0171eml\u00e9ki v\u00e9delem alatt \u00e1ll\u00f3 \u00e9p\u00fclete. A 19. sz\u00e1zad v\u00e9g\u00e9n a S\u00e9tat\u00e9ren (a mai J\u00f3kai ligetben) \u00e9p\u00fclt ugyan egy ny\u00e1ri sz\u00ednh\u00e1z, de a helyi sajt\u00f3 m\u00e1r az [&hellip;]<\/p>\n","protected":false},"author":1,"featured_media":12301,"parent":239,"menu_order":0,"comment_status":"closed","ping_status":"closed","template":"","meta":[],"acf":[],"yoast_head":"<!-- This site is optimized with the Yoast SEO plugin v19.8 - https:\/\/yoast.com\/wordpress\/plugins\/seo\/ -->\n<title>Sz\u00ednh\u00e1z - Kaposv\u00e1r Megyei Jog\u00fa V\u00e1ros<\/title>\n<meta name=\"robots\" content=\"index, follow, max-snippet:-1, max-image-preview:large, max-video-preview:-1\" \/>\n<link rel=\"canonical\" href=\"https:\/\/otthon.kaposvar.hu\/hu\/lakossagi-informaciok\/kultura\/szinhaz\/\" \/>\n<meta property=\"og:locale\" content=\"hu_HU\" \/>\n<meta property=\"og:type\" content=\"article\" \/>\n<meta property=\"og:title\" content=\"Sz\u00ednh\u00e1z - Kaposv\u00e1r Megyei Jog\u00fa V\u00e1ros\" \/>\n<meta property=\"og:description\" content=\"Csiky Gergely Sz\u00ednh\u00e1z \u00e9s Kultur\u00e1lis K\u00f6zpont Igazgat\u00f3: Nagy Viktor \u00a0 Az 1911-re elk\u00e9sz\u00fclt \u00e9p\u00fclet A R\u00e1k\u00f3czi t\u00e9ren emelkedik a v\u00e1ros m\u0171vel\u0151d\u00e9s\u00e9ben hangs\u00falyos szerepet j\u00e1tsz\u00f3 Csiky Gergely Sz\u00ednh\u00e1z szecesszi\u00f3s st\u00edlus\u00fa, m\u0171eml\u00e9ki v\u00e9delem alatt \u00e1ll\u00f3 \u00e9p\u00fclete. A 19. sz\u00e1zad v\u00e9g\u00e9n a S\u00e9tat\u00e9ren (a mai J\u00f3kai ligetben) \u00e9p\u00fclt ugyan egy ny\u00e1ri sz\u00ednh\u00e1z, de a helyi sajt\u00f3 m\u00e1r az [&hellip;]\" \/>\n<meta property=\"og:url\" content=\"https:\/\/otthon.kaposvar.hu\/hu\/lakossagi-informaciok\/kultura\/szinhaz\/\" \/>\n<meta property=\"og:site_name\" content=\"Kaposv\u00e1r Megyei Jog\u00fa V\u00e1ros\" \/>\n<meta property=\"article:publisher\" content=\"https:\/\/www.facebook.com\/cityofkaposvar\/\" \/>\n<meta property=\"article:modified_time\" content=\"2026-02-02T13:27:24+00:00\" \/>\n<meta property=\"og:image\" content=\"https:\/\/otthon.kaposvar.hu\/wp-content\/uploads\/2026\/02\/csiky3.jpg\" \/>\n\t<meta property=\"og:image:width\" content=\"1440\" \/>\n\t<meta property=\"og:image:height\" content=\"960\" \/>\n\t<meta property=\"og:image:type\" content=\"image\/jpeg\" \/>\n<meta name=\"twitter:card\" content=\"summary_large_image\" \/>\n<meta name=\"twitter:label1\" content=\"Becs\u00fclt olvas\u00e1si id\u0151\" \/>\n\t<meta name=\"twitter:data1\" content=\"9 perc\" \/>\n<script type=\"application\/ld+json\" class=\"yoast-schema-graph\">{\"@context\":\"https:\/\/schema.org\",\"@graph\":[{\"@type\":\"WebPage\",\"@id\":\"https:\/\/otthon.kaposvar.hu\/hu\/lakossagi-informaciok\/kultura\/szinhaz\/\",\"url\":\"https:\/\/otthon.kaposvar.hu\/hu\/lakossagi-informaciok\/kultura\/szinhaz\/\",\"name\":\"Sz\u00ednh\u00e1z - Kaposv\u00e1r Megyei Jog\u00fa V\u00e1ros\",\"isPartOf\":{\"@id\":\"https:\/\/otthon.kaposvar.hu\/hu\/#website\"},\"datePublished\":\"2017-01-22T10:49:30+00:00\",\"dateModified\":\"2026-02-02T13:27:24+00:00\",\"breadcrumb\":{\"@id\":\"https:\/\/otthon.kaposvar.hu\/hu\/lakossagi-informaciok\/kultura\/szinhaz\/#breadcrumb\"},\"inLanguage\":\"hu\",\"potentialAction\":[{\"@type\":\"ReadAction\",\"target\":[[\"https:\/\/otthon.kaposvar.hu\/hu\/lakossagi-informaciok\/kultura\/szinhaz\/\"]]}]},{\"@type\":\"BreadcrumbList\",\"@id\":\"https:\/\/otthon.kaposvar.hu\/hu\/lakossagi-informaciok\/kultura\/szinhaz\/#breadcrumb\",\"itemListElement\":[{\"@type\":\"ListItem\",\"position\":1,\"name\":\"Home\",\"item\":\"https:\/\/otthon.kaposvar.hu\/hu\/\"},{\"@type\":\"ListItem\",\"position\":2,\"name\":\"Lakoss\u00e1gi inform\u00e1ci\u00f3k\",\"item\":\"https:\/\/otthon.kaposvar.hu\/hu\/lakossagi-informaciok\/\"},{\"@type\":\"ListItem\",\"position\":3,\"name\":\"Kult\u00fara\",\"item\":\"https:\/\/otthon.kaposvar.hu\/hu\/lakossagi-informaciok\/kultura\/\"},{\"@type\":\"ListItem\",\"position\":4,\"name\":\"Sz\u00ednh\u00e1z\"}]},{\"@type\":\"WebSite\",\"@id\":\"https:\/\/otthon.kaposvar.hu\/hu\/#website\",\"url\":\"https:\/\/otthon.kaposvar.hu\/hu\/\",\"name\":\"Kaposv\u00e1r Megyei Jog\u00fa V\u00e1ros\",\"description\":\"\",\"publisher\":{\"@id\":\"https:\/\/otthon.kaposvar.hu\/hu\/#organization\"},\"potentialAction\":[{\"@type\":\"SearchAction\",\"target\":{\"@type\":\"EntryPoint\",\"urlTemplate\":\"https:\/\/otthon.kaposvar.hu\/hu\/?s={search_term_string}\"},\"query-input\":\"required name=search_term_string\"}],\"inLanguage\":\"hu\"},{\"@type\":\"Organization\",\"@id\":\"https:\/\/otthon.kaposvar.hu\/hu\/#organization\",\"name\":\"Kaposv\u00e1r Megyei Jog\u00fa V\u00e1ros\",\"url\":\"https:\/\/otthon.kaposvar.hu\/hu\/\",\"sameAs\":[\"https:\/\/www.instagram.com\/cityofkaposvar\/\",\"https:\/\/www.facebook.com\/cityofkaposvar\/\"],\"logo\":{\"@type\":\"ImageObject\",\"inLanguage\":\"hu\",\"@id\":\"https:\/\/otthon.kaposvar.hu\/hu\/#\/schema\/logo\/image\/\",\"url\":\"https:\/\/otthon.kaposvar.hu\/wp-content\/uploads\/2021\/10\/kaposvar_social.jpg\",\"contentUrl\":\"https:\/\/otthon.kaposvar.hu\/wp-content\/uploads\/2021\/10\/kaposvar_social.jpg\",\"width\":1200,\"height\":900,\"caption\":\"Kaposv\u00e1r Megyei Jog\u00fa V\u00e1ros\"},\"image\":{\"@id\":\"https:\/\/otthon.kaposvar.hu\/hu\/#\/schema\/logo\/image\/\"}}]}<\/script>\n<!-- \/ Yoast SEO plugin. -->","yoast_head_json":{"title":"Sz\u00ednh\u00e1z - Kaposv\u00e1r Megyei Jog\u00fa V\u00e1ros","robots":{"index":"index","follow":"follow","max-snippet":"max-snippet:-1","max-image-preview":"max-image-preview:large","max-video-preview":"max-video-preview:-1"},"canonical":"https:\/\/otthon.kaposvar.hu\/hu\/lakossagi-informaciok\/kultura\/szinhaz\/","og_locale":"hu_HU","og_type":"article","og_title":"Sz\u00ednh\u00e1z - Kaposv\u00e1r Megyei Jog\u00fa V\u00e1ros","og_description":"Csiky Gergely Sz\u00ednh\u00e1z \u00e9s Kultur\u00e1lis K\u00f6zpont Igazgat\u00f3: Nagy Viktor \u00a0 Az 1911-re elk\u00e9sz\u00fclt \u00e9p\u00fclet A R\u00e1k\u00f3czi t\u00e9ren emelkedik a v\u00e1ros m\u0171vel\u0151d\u00e9s\u00e9ben hangs\u00falyos szerepet j\u00e1tsz\u00f3 Csiky Gergely Sz\u00ednh\u00e1z szecesszi\u00f3s st\u00edlus\u00fa, m\u0171eml\u00e9ki v\u00e9delem alatt \u00e1ll\u00f3 \u00e9p\u00fclete. A 19. sz\u00e1zad v\u00e9g\u00e9n a S\u00e9tat\u00e9ren (a mai J\u00f3kai ligetben) \u00e9p\u00fclt ugyan egy ny\u00e1ri sz\u00ednh\u00e1z, de a helyi sajt\u00f3 m\u00e1r az [&hellip;]","og_url":"https:\/\/otthon.kaposvar.hu\/hu\/lakossagi-informaciok\/kultura\/szinhaz\/","og_site_name":"Kaposv\u00e1r Megyei Jog\u00fa V\u00e1ros","article_publisher":"https:\/\/www.facebook.com\/cityofkaposvar\/","article_modified_time":"2026-02-02T13:27:24+00:00","og_image":[{"width":1440,"height":960,"url":"https:\/\/otthon.kaposvar.hu\/wp-content\/uploads\/2026\/02\/csiky3.jpg","type":"image\/jpeg"}],"twitter_card":"summary_large_image","twitter_misc":{"Becs\u00fclt olvas\u00e1si id\u0151":"9 perc"},"schema":{"@context":"https:\/\/schema.org","@graph":[{"@type":"WebPage","@id":"https:\/\/otthon.kaposvar.hu\/hu\/lakossagi-informaciok\/kultura\/szinhaz\/","url":"https:\/\/otthon.kaposvar.hu\/hu\/lakossagi-informaciok\/kultura\/szinhaz\/","name":"Sz\u00ednh\u00e1z - Kaposv\u00e1r Megyei Jog\u00fa V\u00e1ros","isPartOf":{"@id":"https:\/\/otthon.kaposvar.hu\/hu\/#website"},"datePublished":"2017-01-22T10:49:30+00:00","dateModified":"2026-02-02T13:27:24+00:00","breadcrumb":{"@id":"https:\/\/otthon.kaposvar.hu\/hu\/lakossagi-informaciok\/kultura\/szinhaz\/#breadcrumb"},"inLanguage":"hu","potentialAction":[{"@type":"ReadAction","target":[["https:\/\/otthon.kaposvar.hu\/hu\/lakossagi-informaciok\/kultura\/szinhaz\/"]]}]},{"@type":"BreadcrumbList","@id":"https:\/\/otthon.kaposvar.hu\/hu\/lakossagi-informaciok\/kultura\/szinhaz\/#breadcrumb","itemListElement":[{"@type":"ListItem","position":1,"name":"Home","item":"https:\/\/otthon.kaposvar.hu\/hu\/"},{"@type":"ListItem","position":2,"name":"Lakoss\u00e1gi inform\u00e1ci\u00f3k","item":"https:\/\/otthon.kaposvar.hu\/hu\/lakossagi-informaciok\/"},{"@type":"ListItem","position":3,"name":"Kult\u00fara","item":"https:\/\/otthon.kaposvar.hu\/hu\/lakossagi-informaciok\/kultura\/"},{"@type":"ListItem","position":4,"name":"Sz\u00ednh\u00e1z"}]},{"@type":"WebSite","@id":"https:\/\/otthon.kaposvar.hu\/hu\/#website","url":"https:\/\/otthon.kaposvar.hu\/hu\/","name":"Kaposv\u00e1r Megyei Jog\u00fa V\u00e1ros","description":"","publisher":{"@id":"https:\/\/otthon.kaposvar.hu\/hu\/#organization"},"potentialAction":[{"@type":"SearchAction","target":{"@type":"EntryPoint","urlTemplate":"https:\/\/otthon.kaposvar.hu\/hu\/?s={search_term_string}"},"query-input":"required name=search_term_string"}],"inLanguage":"hu"},{"@type":"Organization","@id":"https:\/\/otthon.kaposvar.hu\/hu\/#organization","name":"Kaposv\u00e1r Megyei Jog\u00fa V\u00e1ros","url":"https:\/\/otthon.kaposvar.hu\/hu\/","sameAs":["https:\/\/www.instagram.com\/cityofkaposvar\/","https:\/\/www.facebook.com\/cityofkaposvar\/"],"logo":{"@type":"ImageObject","inLanguage":"hu","@id":"https:\/\/otthon.kaposvar.hu\/hu\/#\/schema\/logo\/image\/","url":"https:\/\/otthon.kaposvar.hu\/wp-content\/uploads\/2021\/10\/kaposvar_social.jpg","contentUrl":"https:\/\/otthon.kaposvar.hu\/wp-content\/uploads\/2021\/10\/kaposvar_social.jpg","width":1200,"height":900,"caption":"Kaposv\u00e1r Megyei Jog\u00fa V\u00e1ros"},"image":{"@id":"https:\/\/otthon.kaposvar.hu\/hu\/#\/schema\/logo\/image\/"}}]}},"_links":{"self":[{"href":"https:\/\/otthon.kaposvar.hu\/hu\/wp-json\/wp\/v2\/pages\/245"}],"collection":[{"href":"https:\/\/otthon.kaposvar.hu\/hu\/wp-json\/wp\/v2\/pages"}],"about":[{"href":"https:\/\/otthon.kaposvar.hu\/hu\/wp-json\/wp\/v2\/types\/page"}],"author":[{"embeddable":true,"href":"https:\/\/otthon.kaposvar.hu\/hu\/wp-json\/wp\/v2\/users\/1"}],"replies":[{"embeddable":true,"href":"https:\/\/otthon.kaposvar.hu\/hu\/wp-json\/wp\/v2\/comments?post=245"}],"version-history":[{"count":0,"href":"https:\/\/otthon.kaposvar.hu\/hu\/wp-json\/wp\/v2\/pages\/245\/revisions"}],"up":[{"embeddable":true,"href":"https:\/\/otthon.kaposvar.hu\/hu\/wp-json\/wp\/v2\/pages\/239"}],"wp:featuredmedia":[{"embeddable":true,"href":"https:\/\/otthon.kaposvar.hu\/hu\/wp-json\/wp\/v2\/media\/12301"}],"wp:attachment":[{"href":"https:\/\/otthon.kaposvar.hu\/hu\/wp-json\/wp\/v2\/media?parent=245"}],"curies":[{"name":"wp","href":"https:\/\/api.w.org\/{rel}","templated":true}]}}