{"id":243,"date":"2017-01-22T11:49:17","date_gmt":"2017-01-22T10:49:17","guid":{"rendered":"http:\/\/lakossag.gyori.co.hu\/?page_id=243"},"modified":"2026-02-02T14:28:35","modified_gmt":"2026-02-02T13:28:35","slug":"agora","status":"publish","type":"page","link":"https:\/\/otthon.kaposvar.hu\/hu\/lakossagi-informaciok\/kultura\/agora\/","title":{"rendered":"Ag\u00f3ra"},"content":{"rendered":"<p><\/p>\n<h2 class=\"kv-page-content-title\">Egy\u00fcd \u00c1rp\u00e1d Kultur\u00e1lis K\u00f6zpont<\/h2>\n<div class=\"kv-page-margin-05\">\u00a0<\/div>\n<p>A Csiky Gergely Sz\u00ednh\u00e1z \u00e9s Kultur\u00e1lis K\u00f6zpont K\u00f6zhaszn\u00fa Nonprofit Kft. \u00e1ltal m\u0171k\u00f6dtetett kultur\u00e1lis k\u00f6zpont a v\u00e1ros \u00e9s a t\u00e9rs\u00e9g kultur\u00e1lis \u00e9let\u00e9t \u00e9s a k\u00f6z\u00f6ss\u00e9gi m\u0171vel\u0151d\u00e9st szolg\u00e1lja 1979-es alap\u00edt\u00e1sa \u00f3ta.<\/p>\n<p>Az \u00e9p\u00fclet 2011-ben az Ag\u00f3ra beruh\u00e1z\u00e1s keret\u00e9ben \u00fajult meg, t\u00f6bb, mint 5000 m2-en fogadja l\u00e1togat\u00f3it. Az itt megval\u00f3sul\u00f3 m\u0171v\u00e9szeti programok, k\u00e9zm\u0171ves tev\u00e9kenys\u00e9gek, n\u00e9pzenei \u00e9s n\u00e9pt\u00e1nc aktivit\u00e1sok seg\u00edtik a kultur\u00e1lis \u00e9rt\u00e9kek megismer\u00e9s\u00e9t, a helyi hagyom\u00e1nyok \u00e1pol\u00e1s\u00e1t \u00e9s \u00e9l\u0151v\u00e9 t\u00e9tel\u00e9t.\u00a0 Az els\u0151 szinten tal\u00e1lhat\u00f3 a Vaszary K\u00e9pt\u00e1r, ahol magas sz\u00ednvonal\u00fa ki\u00e1ll\u00edt\u00e1sok kapnak helyet. Otthonra tal\u00e1ltak itt a rendszeresen m\u0171k\u00f6d\u0151 m\u0171vel\u0151d\u0151 k\u00f6z\u00f6ss\u00e9gek, civil szervezetek, m\u0171v\u00e9szeti csoportok, szakk\u00f6r\u00f6k. Itt m\u0171k\u00f6dik az Egy\u00fcd \u00c1rp\u00e1d Alapfok\u00fa M\u0171v\u00e9szeti Iskola, a Somogy T\u00e1ncegy\u00fcttes, a Digit\u00e1lis Tud\u00e1sk\u00f6zpont \u00e9s az MCC.<\/p>\n<p>A kultur\u00e1lis k\u00f6zpont jelent\u0151s szerepet v\u00e1llal az ingyenes, szabadt\u00e9ri v\u00e1rosi programok, fesztiv\u00e1lok szervez\u00e9s\u00e9ben, melyek a sz\u00ednvonalas sz\u00f3rakoztat\u00e1son t\u00fal nagym\u00e9rt\u00e9kben \u00e9p\u00edtenek a cselekv\u0151 r\u00e9szv\u00e9telre, hogy ezzel is seg\u00edts\u00e9k az \u00e9rt\u00e9kek l\u00e9trehoz\u00e1s\u00e1ban t\u00f6rt\u00e9n\u0151 akt\u00edv r\u00e9szv\u00e9telt. A nagyrendezv\u00e9nyek \u00e1t\u00f6lelik az eg\u00e9sz \u00e9vet: febru\u00e1rban a Kaposv\u00e1ri Farsangi Napok, m\u00e1jusban a Csal\u00e1di maj\u00e1lis, j\u00faniusban a Rig\u00f3 Jancsi Napok, augusztusban a v\u00e1rosligeti Csal\u00e1di nap, szeptemberben a Rippl-R\u00f3nai Fesztiv\u00e1l, decemberben a Kaposv\u00e1ri advent biztos\u00edt ingyenesen el\u00e9rhet\u0151 sz\u00ednvonalas programokat az itt \u00e9l\u0151knek \u00e9s az idel\u00e1togat\u00f3knak egyar\u00e1nt.<\/p>\n<div class=\"kv-page-margin-1\">\u00a0<\/div>\n<h3 class=\"kv-page-content-subtitle\">El\u00e9rhet\u0151s\u00e9gek<\/h3>\n<p class=\"kv-page-content-paragraph\"><strong>Egy\u00fcd \u00c1rp\u00e1d Kultur\u00e1lis K\u00f6zpont<\/strong><br \/>\n<span style=\"font-weight: 400;\">7400 Kaposv\u00e1r, Nagy Imre t\u00e9r 2.<\/span><span style=\"font-weight: 400;\"><br \/>\n<\/span><span style=\"font-weight: 400;\">Telefon: +36 20\u00a0416 2532<\/span><span style=\"font-weight: 400;\"><br \/>\n<\/span><span style=\"font-weight: 400;\">Honlap: www.egyudkaposvar.hu<\/span><span style=\"font-weight: 400;\"><br \/>\n<\/span><span style=\"font-weight: 400;\">E-mail: titkarsag.agora@csiky.hu<\/span><\/p>\n<div class=\"kv-page-margin-1\">\u00a0<\/div>\n<h3 class=\"kv-page-content-subtitle\">Az Ag\u00f3ra nyitvatart\u00e1sa<\/h3>\n<p class=\"kv-page-content-paragraph\"><span style=\"font-weight: 400;\">h\u00e9tf\u0151\u2013p\u00e9ntek: 9.00\u201320.00 \u00f3r\u00e1ig<\/span><span style=\"font-weight: 400;\"><br \/>\n<\/span><span style=\"font-weight: 400;\">szombat: 10.00\u201316.00 \u00f3r\u00e1ig<\/span><\/p>\n<div class=\"kv-page-margin-1\">\u00a0<\/div>\n<div class=\"kv-page-margin-1\">\u00a0<\/div>\n<div class=\"kv-page-margin-1\">\u00a0<\/div>\n<div class=\"kv-page-margin-1\">\u00a0<\/div>\n<p><\/p>","protected":false},"excerpt":{"rendered":"<p>Egy\u00fcd \u00c1rp\u00e1d Kultur\u00e1lis K\u00f6zpont \u00a0 A Csiky Gergely Sz\u00ednh\u00e1z \u00e9s Kultur\u00e1lis K\u00f6zpont K\u00f6zhaszn\u00fa Nonprofit Kft. \u00e1ltal m\u0171k\u00f6dtetett kultur\u00e1lis k\u00f6zpont a v\u00e1ros \u00e9s a t\u00e9rs\u00e9g kultur\u00e1lis \u00e9let\u00e9t \u00e9s a k\u00f6z\u00f6ss\u00e9gi m\u0171vel\u0151d\u00e9st szolg\u00e1lja 1979-es alap\u00edt\u00e1sa \u00f3ta. Az \u00e9p\u00fclet 2011-ben az Ag\u00f3ra beruh\u00e1z\u00e1s keret\u00e9ben \u00fajult meg, t\u00f6bb, mint 5000 m2-en fogadja l\u00e1togat\u00f3it. Az itt megval\u00f3sul\u00f3 m\u0171v\u00e9szeti programok, k\u00e9zm\u0171ves [&hellip;]<\/p>\n","protected":false},"author":1,"featured_media":1363,"parent":239,"menu_order":0,"comment_status":"closed","ping_status":"closed","template":"","meta":[],"acf":[],"yoast_head":"<!-- This site is optimized with the Yoast SEO plugin v19.8 - https:\/\/yoast.com\/wordpress\/plugins\/seo\/ -->\n<title>Ag\u00f3ra - Kaposv\u00e1r Megyei Jog\u00fa V\u00e1ros<\/title>\n<meta name=\"robots\" content=\"index, follow, max-snippet:-1, max-image-preview:large, max-video-preview:-1\" \/>\n<link rel=\"canonical\" href=\"https:\/\/otthon.kaposvar.hu\/hu\/lakossagi-informaciok\/kultura\/agora\/\" \/>\n<meta property=\"og:locale\" content=\"hu_HU\" \/>\n<meta property=\"og:type\" content=\"article\" \/>\n<meta property=\"og:title\" content=\"Ag\u00f3ra - Kaposv\u00e1r Megyei Jog\u00fa V\u00e1ros\" \/>\n<meta property=\"og:description\" content=\"Egy\u00fcd \u00c1rp\u00e1d Kultur\u00e1lis K\u00f6zpont \u00a0 A Csiky Gergely Sz\u00ednh\u00e1z \u00e9s Kultur\u00e1lis K\u00f6zpont K\u00f6zhaszn\u00fa Nonprofit Kft. \u00e1ltal m\u0171k\u00f6dtetett kultur\u00e1lis k\u00f6zpont a v\u00e1ros \u00e9s a t\u00e9rs\u00e9g kultur\u00e1lis \u00e9let\u00e9t \u00e9s a k\u00f6z\u00f6ss\u00e9gi m\u0171vel\u0151d\u00e9st szolg\u00e1lja 1979-es alap\u00edt\u00e1sa \u00f3ta. Az \u00e9p\u00fclet 2011-ben az Ag\u00f3ra beruh\u00e1z\u00e1s keret\u00e9ben \u00fajult meg, t\u00f6bb, mint 5000 m2-en fogadja l\u00e1togat\u00f3it. Az itt megval\u00f3sul\u00f3 m\u0171v\u00e9szeti programok, k\u00e9zm\u0171ves [&hellip;]\" \/>\n<meta property=\"og:url\" content=\"https:\/\/otthon.kaposvar.hu\/hu\/lakossagi-informaciok\/kultura\/agora\/\" \/>\n<meta property=\"og:site_name\" content=\"Kaposv\u00e1r Megyei Jog\u00fa V\u00e1ros\" \/>\n<meta property=\"article:publisher\" content=\"https:\/\/www.facebook.com\/cityofkaposvar\/\" \/>\n<meta property=\"article:modified_time\" content=\"2026-02-02T13:28:35+00:00\" \/>\n<meta property=\"og:image\" content=\"https:\/\/otthon.kaposvar.hu\/wp-content\/uploads\/2017\/01\/agora-1024x683.jpg\" \/>\n\t<meta property=\"og:image:width\" content=\"1024\" \/>\n\t<meta property=\"og:image:height\" content=\"683\" \/>\n\t<meta property=\"og:image:type\" content=\"image\/jpeg\" \/>\n<meta name=\"twitter:card\" content=\"summary_large_image\" \/>\n<meta name=\"twitter:label1\" content=\"Becs\u00fclt olvas\u00e1si id\u0151\" \/>\n\t<meta name=\"twitter:data1\" content=\"2 perc\" \/>\n<script type=\"application\/ld+json\" class=\"yoast-schema-graph\">{\"@context\":\"https:\/\/schema.org\",\"@graph\":[{\"@type\":\"WebPage\",\"@id\":\"https:\/\/otthon.kaposvar.hu\/hu\/lakossagi-informaciok\/kultura\/agora\/\",\"url\":\"https:\/\/otthon.kaposvar.hu\/hu\/lakossagi-informaciok\/kultura\/agora\/\",\"name\":\"Ag\u00f3ra - Kaposv\u00e1r Megyei Jog\u00fa V\u00e1ros\",\"isPartOf\":{\"@id\":\"https:\/\/otthon.kaposvar.hu\/hu\/#website\"},\"datePublished\":\"2017-01-22T10:49:17+00:00\",\"dateModified\":\"2026-02-02T13:28:35+00:00\",\"breadcrumb\":{\"@id\":\"https:\/\/otthon.kaposvar.hu\/hu\/lakossagi-informaciok\/kultura\/agora\/#breadcrumb\"},\"inLanguage\":\"hu\",\"potentialAction\":[{\"@type\":\"ReadAction\",\"target\":[[\"https:\/\/otthon.kaposvar.hu\/hu\/lakossagi-informaciok\/kultura\/agora\/\"]]}]},{\"@type\":\"BreadcrumbList\",\"@id\":\"https:\/\/otthon.kaposvar.hu\/hu\/lakossagi-informaciok\/kultura\/agora\/#breadcrumb\",\"itemListElement\":[{\"@type\":\"ListItem\",\"position\":1,\"name\":\"Home\",\"item\":\"https:\/\/otthon.kaposvar.hu\/hu\/\"},{\"@type\":\"ListItem\",\"position\":2,\"name\":\"Lakoss\u00e1gi inform\u00e1ci\u00f3k\",\"item\":\"https:\/\/otthon.kaposvar.hu\/hu\/lakossagi-informaciok\/\"},{\"@type\":\"ListItem\",\"position\":3,\"name\":\"Kult\u00fara\",\"item\":\"https:\/\/otthon.kaposvar.hu\/hu\/lakossagi-informaciok\/kultura\/\"},{\"@type\":\"ListItem\",\"position\":4,\"name\":\"Ag\u00f3ra\"}]},{\"@type\":\"WebSite\",\"@id\":\"https:\/\/otthon.kaposvar.hu\/hu\/#website\",\"url\":\"https:\/\/otthon.kaposvar.hu\/hu\/\",\"name\":\"Kaposv\u00e1r Megyei Jog\u00fa V\u00e1ros\",\"description\":\"\",\"publisher\":{\"@id\":\"https:\/\/otthon.kaposvar.hu\/hu\/#organization\"},\"potentialAction\":[{\"@type\":\"SearchAction\",\"target\":{\"@type\":\"EntryPoint\",\"urlTemplate\":\"https:\/\/otthon.kaposvar.hu\/hu\/?s={search_term_string}\"},\"query-input\":\"required name=search_term_string\"}],\"inLanguage\":\"hu\"},{\"@type\":\"Organization\",\"@id\":\"https:\/\/otthon.kaposvar.hu\/hu\/#organization\",\"name\":\"Kaposv\u00e1r Megyei Jog\u00fa V\u00e1ros\",\"url\":\"https:\/\/otthon.kaposvar.hu\/hu\/\",\"sameAs\":[\"https:\/\/www.instagram.com\/cityofkaposvar\/\",\"https:\/\/www.facebook.com\/cityofkaposvar\/\"],\"logo\":{\"@type\":\"ImageObject\",\"inLanguage\":\"hu\",\"@id\":\"https:\/\/otthon.kaposvar.hu\/hu\/#\/schema\/logo\/image\/\",\"url\":\"https:\/\/otthon.kaposvar.hu\/wp-content\/uploads\/2021\/10\/kaposvar_social.jpg\",\"contentUrl\":\"https:\/\/otthon.kaposvar.hu\/wp-content\/uploads\/2021\/10\/kaposvar_social.jpg\",\"width\":1200,\"height\":900,\"caption\":\"Kaposv\u00e1r Megyei Jog\u00fa V\u00e1ros\"},\"image\":{\"@id\":\"https:\/\/otthon.kaposvar.hu\/hu\/#\/schema\/logo\/image\/\"}}]}<\/script>\n<!-- \/ Yoast SEO plugin. -->","yoast_head_json":{"title":"Ag\u00f3ra - Kaposv\u00e1r Megyei Jog\u00fa V\u00e1ros","robots":{"index":"index","follow":"follow","max-snippet":"max-snippet:-1","max-image-preview":"max-image-preview:large","max-video-preview":"max-video-preview:-1"},"canonical":"https:\/\/otthon.kaposvar.hu\/hu\/lakossagi-informaciok\/kultura\/agora\/","og_locale":"hu_HU","og_type":"article","og_title":"Ag\u00f3ra - Kaposv\u00e1r Megyei Jog\u00fa V\u00e1ros","og_description":"Egy\u00fcd \u00c1rp\u00e1d Kultur\u00e1lis K\u00f6zpont \u00a0 A Csiky Gergely Sz\u00ednh\u00e1z \u00e9s Kultur\u00e1lis K\u00f6zpont K\u00f6zhaszn\u00fa Nonprofit Kft. \u00e1ltal m\u0171k\u00f6dtetett kultur\u00e1lis k\u00f6zpont a v\u00e1ros \u00e9s a t\u00e9rs\u00e9g kultur\u00e1lis \u00e9let\u00e9t \u00e9s a k\u00f6z\u00f6ss\u00e9gi m\u0171vel\u0151d\u00e9st szolg\u00e1lja 1979-es alap\u00edt\u00e1sa \u00f3ta. Az \u00e9p\u00fclet 2011-ben az Ag\u00f3ra beruh\u00e1z\u00e1s keret\u00e9ben \u00fajult meg, t\u00f6bb, mint 5000 m2-en fogadja l\u00e1togat\u00f3it. Az itt megval\u00f3sul\u00f3 m\u0171v\u00e9szeti programok, k\u00e9zm\u0171ves [&hellip;]","og_url":"https:\/\/otthon.kaposvar.hu\/hu\/lakossagi-informaciok\/kultura\/agora\/","og_site_name":"Kaposv\u00e1r Megyei Jog\u00fa V\u00e1ros","article_publisher":"https:\/\/www.facebook.com\/cityofkaposvar\/","article_modified_time":"2026-02-02T13:28:35+00:00","og_image":[{"width":1024,"height":683,"url":"https:\/\/otthon.kaposvar.hu\/wp-content\/uploads\/2017\/01\/agora-1024x683.jpg","type":"image\/jpeg"}],"twitter_card":"summary_large_image","twitter_misc":{"Becs\u00fclt olvas\u00e1si id\u0151":"2 perc"},"schema":{"@context":"https:\/\/schema.org","@graph":[{"@type":"WebPage","@id":"https:\/\/otthon.kaposvar.hu\/hu\/lakossagi-informaciok\/kultura\/agora\/","url":"https:\/\/otthon.kaposvar.hu\/hu\/lakossagi-informaciok\/kultura\/agora\/","name":"Ag\u00f3ra - Kaposv\u00e1r Megyei Jog\u00fa V\u00e1ros","isPartOf":{"@id":"https:\/\/otthon.kaposvar.hu\/hu\/#website"},"datePublished":"2017-01-22T10:49:17+00:00","dateModified":"2026-02-02T13:28:35+00:00","breadcrumb":{"@id":"https:\/\/otthon.kaposvar.hu\/hu\/lakossagi-informaciok\/kultura\/agora\/#breadcrumb"},"inLanguage":"hu","potentialAction":[{"@type":"ReadAction","target":[["https:\/\/otthon.kaposvar.hu\/hu\/lakossagi-informaciok\/kultura\/agora\/"]]}]},{"@type":"BreadcrumbList","@id":"https:\/\/otthon.kaposvar.hu\/hu\/lakossagi-informaciok\/kultura\/agora\/#breadcrumb","itemListElement":[{"@type":"ListItem","position":1,"name":"Home","item":"https:\/\/otthon.kaposvar.hu\/hu\/"},{"@type":"ListItem","position":2,"name":"Lakoss\u00e1gi inform\u00e1ci\u00f3k","item":"https:\/\/otthon.kaposvar.hu\/hu\/lakossagi-informaciok\/"},{"@type":"ListItem","position":3,"name":"Kult\u00fara","item":"https:\/\/otthon.kaposvar.hu\/hu\/lakossagi-informaciok\/kultura\/"},{"@type":"ListItem","position":4,"name":"Ag\u00f3ra"}]},{"@type":"WebSite","@id":"https:\/\/otthon.kaposvar.hu\/hu\/#website","url":"https:\/\/otthon.kaposvar.hu\/hu\/","name":"Kaposv\u00e1r Megyei Jog\u00fa V\u00e1ros","description":"","publisher":{"@id":"https:\/\/otthon.kaposvar.hu\/hu\/#organization"},"potentialAction":[{"@type":"SearchAction","target":{"@type":"EntryPoint","urlTemplate":"https:\/\/otthon.kaposvar.hu\/hu\/?s={search_term_string}"},"query-input":"required name=search_term_string"}],"inLanguage":"hu"},{"@type":"Organization","@id":"https:\/\/otthon.kaposvar.hu\/hu\/#organization","name":"Kaposv\u00e1r Megyei Jog\u00fa V\u00e1ros","url":"https:\/\/otthon.kaposvar.hu\/hu\/","sameAs":["https:\/\/www.instagram.com\/cityofkaposvar\/","https:\/\/www.facebook.com\/cityofkaposvar\/"],"logo":{"@type":"ImageObject","inLanguage":"hu","@id":"https:\/\/otthon.kaposvar.hu\/hu\/#\/schema\/logo\/image\/","url":"https:\/\/otthon.kaposvar.hu\/wp-content\/uploads\/2021\/10\/kaposvar_social.jpg","contentUrl":"https:\/\/otthon.kaposvar.hu\/wp-content\/uploads\/2021\/10\/kaposvar_social.jpg","width":1200,"height":900,"caption":"Kaposv\u00e1r Megyei Jog\u00fa V\u00e1ros"},"image":{"@id":"https:\/\/otthon.kaposvar.hu\/hu\/#\/schema\/logo\/image\/"}}]}},"_links":{"self":[{"href":"https:\/\/otthon.kaposvar.hu\/hu\/wp-json\/wp\/v2\/pages\/243"}],"collection":[{"href":"https:\/\/otthon.kaposvar.hu\/hu\/wp-json\/wp\/v2\/pages"}],"about":[{"href":"https:\/\/otthon.kaposvar.hu\/hu\/wp-json\/wp\/v2\/types\/page"}],"author":[{"embeddable":true,"href":"https:\/\/otthon.kaposvar.hu\/hu\/wp-json\/wp\/v2\/users\/1"}],"replies":[{"embeddable":true,"href":"https:\/\/otthon.kaposvar.hu\/hu\/wp-json\/wp\/v2\/comments?post=243"}],"version-history":[{"count":0,"href":"https:\/\/otthon.kaposvar.hu\/hu\/wp-json\/wp\/v2\/pages\/243\/revisions"}],"up":[{"embeddable":true,"href":"https:\/\/otthon.kaposvar.hu\/hu\/wp-json\/wp\/v2\/pages\/239"}],"wp:featuredmedia":[{"embeddable":true,"href":"https:\/\/otthon.kaposvar.hu\/hu\/wp-json\/wp\/v2\/media\/1363"}],"wp:attachment":[{"href":"https:\/\/otthon.kaposvar.hu\/hu\/wp-json\/wp\/v2\/media?parent=243"}],"curies":[{"name":"wp","href":"https:\/\/api.w.org\/{rel}","templated":true}]}}