{"id":1187,"date":"2017-03-03T21:44:57","date_gmt":"2017-03-03T20:44:57","guid":{"rendered":"http:\/\/lakossag.kaposvar\/?page_id=1187"},"modified":"2026-01-28T16:17:09","modified_gmt":"2026-01-28T15:17:09","slug":"a-kaposvar-varosert-kituntetes-tulajdonosai","status":"publish","type":"page","link":"https:\/\/otthon.kaposvar.hu\/hu\/a-kaposvar-varosert-kituntetes-tulajdonosai\/","title":{"rendered":"A Kaposv\u00e1r V\u00e1ros\u00e9rt kit\u00fcntet\u00e9s tulajdonosai"},"content":{"rendered":"<p><\/p>\n<h2 class=\"kv-page-content-title\" style=\"text-align: center;\">2018-t\u00f3l Pro Urbe Kaposv\u00e1r<\/h2>\n<p>&nbsp;<\/p>\n<p><b>Lengyel J\u00e1nos<\/b><br \/>\n\u00fajs\u00e1g\u00edr\u00f3, a Somogyi H\u00edrlap volt f\u0151szerkeszt\u0151je, 2026<\/p>\n<p><b>id. Dr. Pavlovics Gy\u00f6rgy<\/b><br \/>\nh\u00e1zi gyermekorvos, 2026<\/p>\n<p><b>Szab\u00f3 Ferenc<\/b><br \/>\na Szab\u00f3 Fogasker\u00e9kgy\u00e1rt\u00f3 Kft. \u00fcgyvezet\u0151je, 2026<\/p>\n<p><strong>Tak\u00e1ts Gyula V\u00e1rmegyei Hat\u00f3k\u00f6r\u0171 V\u00e1rosi K\u00f6nyvt\u00e1r<\/strong><br \/>\n2026<\/p>\n<p class=\"kv-page-content-paragraph\"><b>Csiba \u00c1gota<\/b><br \/>\na Kaposv\u00e1ri Szakk\u00e9pz\u00e9si Centrum volt kancell\u00e1rja, 2025<\/p>\n<p class=\"kv-page-content-paragraph\"><b>Dr. Moizs Marianna<\/b><br \/>\na Somogy V\u00e1rmegyei Kaposi M\u00f3r Oktat\u00f3 K\u00f3rh\u00e1z volt f\u0151igazgat\u00f3ja, 2025<\/p>\n<p class=\"kv-page-content-paragraph\"><b>T\u00f6r\u00f6k Tam\u00e1s<\/b><br \/>\n\u00edr\u00f3, rendez\u0151, dramaturg, a D\u00e9ryn\u00e9 V\u00e1ndorsz\u00ednt\u00e1rsulat vezet\u0151je, 2025<\/p>\n<p class=\"kv-page-content-paragraph\"><b>A kaposv\u00e1ri v\u00e9d\u0151n\u0151k k\u00f6z\u00f6ss\u00e9ge<\/b><br \/>\n2025<\/p>\n<p class=\"kv-page-content-paragraph\"><b>Bod\u00f3 L\u00e1szl\u00f3<\/b><br \/>\na K\u00f6t\u00e9l Egyes\u00fclet eln\u00f6ke, 2024<\/p>\n<p class=\"kv-page-content-paragraph\"><b>Pusk\u00e1s B\u00e9la<\/b><br \/>\na Somogy Temetkez\u00e9si Kft. nyugalmazott \u00fcgyvezet\u0151 igazgat\u00f3ja, 2024<\/p>\n<p class=\"kv-page-content-paragraph\"><b>Szalai Gyula<\/b><br \/>\na Kaposv\u00e1ri Villamoss\u00e1gi Gy\u00e1r \u00fcgyvezet\u0151i igazgat\u00f3ja, 2024<\/p>\n<p class=\"kv-page-content-paragraph\"><b>Mikrokozmosz M\u0171v\u00e9szeti Alap\u00edtv\u00e1ny<\/b><br \/>\n2024<\/p>\n<p class=\"kv-page-content-paragraph\"><b>Dr. Kom\u00e1romi Gabriella<\/b><br \/>\nirodalomt\u00f6rt\u00e9n\u00e9sz, kritikus, 2023<\/p>\n<p class=\"kv-page-content-paragraph\"><b>L. Balogh Krisztina<\/b><br \/>\n\u00e9p\u00edt\u00e9sz, 2023<\/p>\n<p class=\"kv-page-content-paragraph\"><b>Dr. Szekeresn\u00e9 dr. Batty\u00e1ni Zita<\/b><br \/>\nb\u0151rgy\u00f3gy\u00e1sz f\u0151orvos, 2023<\/p>\n<p class=\"kv-page-content-paragraph\"><b>Magyar \u00d6kumenikus Seg\u00e9lyszervezet Szoci\u00e1lis \u00e9s Fejleszt\u0151 K\u00f6zpont kaposv\u00e1ri Biztos Kezdet Gyerekh\u00e1z\u00e1nak dolgoz\u00f3i<\/b><br \/>\n2023<\/p>\n<p class=\"kv-page-content-paragraph\"><b>Dr. De\u00e1k L\u00e1szl\u00f3<\/b><br \/>\na Somogy Megyei Kaposi M\u00f3r Oktat\u00f3 K\u00f3rh\u00e1z \u00c1ltal\u00e1nos Belgy\u00f3gy\u00e1szati Oszt\u00e1ly oszt\u00e1lyvezet\u0151 f\u0151orvosa, 2022<\/p>\n<p class=\"kv-page-content-paragraph\"><b>Giacomo Pedranzini<\/b><br \/>\nKometa 99 \u00c9lelmiszeripari Zrt. \u00fcgyvezet\u0151 igazgat\u00f3ja, 2022<\/p>\n<p class=\"kv-page-content-paragraph\"><b>T\u00f3th Istv\u00e1n<\/b><br \/>\nvolt alpolg\u00e1rmester, Kaposv\u00e1r Megyei Jog\u00fa V\u00e1ros volt f\u0151m\u00e9rn\u00f6ke, 2022<\/p>\n<p class=\"kv-page-content-paragraph\"><b>Kaposv\u00e1ri Ment\u0151\u00e1llom\u00e1s<\/b><br \/>\n2022<\/p>\n<p class=\"kv-page-content-paragraph\"><b>Prof. Dr. Csap\u00f3 J\u00e1nos<\/b><br \/>\nvegy\u00e9sz, kutat\u00f3, egyetemi tan\u00e1r, 2021<\/p>\n<p class=\"kv-page-content-paragraph\"><b>Dr. Csillag Guszt\u00e1v<\/b><br \/>\n\u00fcgyv\u00e9d, 2021<\/p>\n<p class=\"kv-page-content-paragraph\"><b>L\u0151rincz S\u00e1ndor<\/b><br \/>\n\u00edr\u00f3, \u00fajs\u00e1g\u00edr\u00f3, 2021<\/p>\n<p class=\"kv-page-content-paragraph\"><b>Kaposi M\u00f3r Oktat\u00f3 K\u00f3rh\u00e1z<\/b><br \/>\n2021<\/p>\n<p class=\"kv-page-content-paragraph\"><b>Demeter Gy\u00f6rgy<\/b><br \/>\nr\u00f6plabd\u00e1z\u00f3, vezet\u0151edz\u0151, 2020<\/p>\n<p class=\"kv-page-content-paragraph\"><b>Dr. Horv\u00e1th Szil\u00e1rd<\/b><br \/>\nf\u0151\u00fcgy\u00e9sz, 2020<\/p>\n<p class=\"kv-page-content-paragraph\"><b>Dr. Sz\u00e1sz Krisztina<\/b><br \/>\nradiol\u00f3gus, 2020<\/p>\n<p class=\"kv-page-content-paragraph\"><b>Compur Fot\u00f3klub<\/b><br \/>\n2020<\/p>\n<p class=\"kv-page-content-paragraph\"><b>Frankn\u00e9 dr. T\u00f3th Erzs\u00e9bet<\/b><br \/>\nh\u00e1ziorvos, 2019<\/p>\n<p class=\"kv-page-content-paragraph\"><b>Kardos K\u00e1lm\u00e1n<\/b><br \/>\nzenetan\u00e1r, 2019<\/p>\n<p class=\"kv-page-content-paragraph\"><b>Veizer J\u00e1nosn\u00e9<\/b><br \/>\na Kaposv\u00e1ri T\u00f6megk\u00f6zleked\u00e9si Zrt. vez\u00e9rigazgat\u00f3ja, 2019<\/p>\n<p class=\"kv-page-content-paragraph\"><b>Kaposv\u00e1ri Rend\u0151rkapit\u00e1nys\u00e1g<\/b><br \/>\n2019<\/p>\n<p class=\"kv-page-content-paragraph\"><b>Ny\u00e9ky K\u00e1lm\u00e1n Gyula<\/b><br \/>\na Szent Kereszt Pl\u00e9b\u00e1nia pl\u00e9b\u00e1nosa, 2018<\/p>\n<p class=\"kv-page-content-paragraph\"><b>R\u00e1duly R\u00f3bert K\u00e1lm\u00e1n<\/b><br \/>\ncs\u00edkszeredai polg\u00e1rmester, 2018<\/p>\n<p class=\"kv-page-content-paragraph\"><b>Simonn\u00e9 Kutas Zita<\/b><br \/>\npedag\u00f3gus, 2018<\/p>\n<p class=\"kv-page-content-paragraph\"><b>Vadvir\u00e1g Alap\u00edtv\u00e1ny<\/b><br \/>\n2018<\/p>\n<p class=\"kv-page-content-paragraph\"><b>Csikv\u00e1r G\u00e1bor<\/b><br \/>\nm\u0171vel\u0151d\u00e9sszervez\u0151, menedzser, n\u00e9pzenei el\u0151ad\u00f3, 2017<\/p>\n<p class=\"kv-page-content-paragraph\"><b>Dr. F\u00e1bry Korn\u00e9l<\/b><br \/>\nkatolikus pap, 2017<\/p>\n<p class=\"kv-page-content-paragraph\"><b>Dr. S\u00e1rk\u00f6zy Eszter<\/b><br \/>\n\u00fcgyv\u00e9d, 2017<\/p>\n<p class=\"kv-page-content-paragraph\"><b>Kaposv\u00e1r Hely\u0151rs\u00e9gi Zenekar<\/b><br \/>\n2017<\/p>\n<p class=\"kv-page-content-paragraph\"><b>Dr. Gy\u0151rfy K\u00e1roly Emil<\/b><br \/>\nnyugalmazott oszt\u00e1lyvezet\u0151 f\u0151orvos, 2016<\/p>\n<p class=\"kv-page-content-paragraph\"><b>Horv\u00e1th J\u00e1nos Mil\u00e1n <\/b><br \/>\nm\u0171v\u00e9szett\u00f6rt\u00e9n\u00e9sz, fest\u0151m\u0171v\u00e9sz, 2016<\/p>\n<p class=\"kv-page-content-paragraph\"><b>Dr. Rumszauer Mikl\u00f3s<\/b><br \/>\na Szent Margit\u2013Szent J\u00f3zsef Pl\u00e9b\u00e1nia pl\u00e9b\u00e1nosa, 2016<\/p>\n<p class=\"kv-page-content-paragraph\"><b>Kapos Art K\u00e9pz\u0151- \u00e9s Iparm\u0171v\u00e9szeti Egyes\u00fclet<\/b><br \/>\n2016<\/p>\n<p class=\"kv-page-content-paragraph\"><b>Dr. Csat\u00f3 L\u00e1szl\u00f3<\/b><br \/>\nnyugalmazott tansz\u00e9kvezet\u0151, 2015<\/p>\n<p class=\"kv-page-content-paragraph\"><b>Spindler B\u00e9la<\/b><br \/>\nsz\u00ednm\u0171v\u00e9sz, 2015<\/p>\n<p class=\"kv-page-content-paragraph\"><b>Weeber Kl\u00e1ra<\/b><br \/>\nszobr\u00e1szm\u0171v\u00e9sz, 2015<\/p>\n<p class=\"kv-page-content-paragraph\"><b>&#8220;K\u00f6t\u00e9l&#8221; Kaposv\u00e1ri \u00d6nk\u00e9ntes T\u0171zolt\u00f3 \u00e9s \u00c9letment\u0151 Egyes\u00fclet<\/b><br \/>\n2015<\/p>\n<p class=\"kv-page-content-paragraph\"><b>Horv\u00e1th Mikl\u00f3s<\/b><br \/>\nf\u0151igazgat\u00f3, 2014<\/p>\n<p class=\"kv-page-content-paragraph\"><b>Prof. Dr. Kov\u00e1cs Melinda<\/b><br \/>\negyetemi tan\u00e1r, 2014<\/p>\n<p class=\"kv-page-content-paragraph\"><b>Prof. Dr. Szak\u00e1ly S\u00e1ndor<\/b><br \/>\nt\u00f6rt\u00e9n\u00e9sz, 2014<\/p>\n<p class=\"kv-page-content-paragraph\"><b>B\u00fav\u00f3patak Polg\u00e1ri, kultur\u00e1lis \u00e9s t\u00e1rsadalmi havilap szerkeszt\u0151s\u00e9ge<\/b><br \/>\n2014<\/p>\n<p class=\"kv-page-content-paragraph\"><b>Dr. Holl\u00f3 Istv\u00e1n<\/b><br \/>\nd\u00e9k\u00e1n, 2013<\/p>\n<p class=\"kv-page-content-paragraph\"><b>R\u00f3zs\u00e1s L\u00e1szl\u00f3<\/b><br \/>\nc\u00edmzetes ap\u00e1tpl\u00e9b\u00e1nos, 2013<\/p>\n<p class=\"kv-page-content-paragraph\"><b>Vajda Imr\u00e9n\u00e9<\/b><br \/>\npedag\u00f3gus, 2013<\/p>\n<p class=\"kv-page-content-paragraph\"><b>Szent Imre Pl\u00e9b\u00e1nia Szeretetszolg\u00e1lata<\/b><br \/>\n2013<\/p>\n<p class=\"kv-page-content-paragraph\"><b>Dr. Bencz\u00e9n\u00e9 Csorba Margit<\/b><br \/>\nint\u00e9zm\u00e9nyvezet\u0151, 2012<\/p>\n<p class=\"kv-page-content-paragraph\"><b>Prof. Dr. Csap\u00f3 J\u00e1nos<\/b><br \/>\na Kaposv\u00e1ri \u00e9s a Sapientia Erd\u00e9lyi Magyar Tudom\u00e1nyegyetem professzora, 2012<\/p>\n<p class=\"kv-page-content-paragraph\"><b>Dr. Sebest\u00e9ny Tam\u00e1s<\/b><br \/>\nnyugalmazott megyei b\u00edr\u00f3s\u00e1gi tan\u00e1cseln\u00f6k, 2012<\/p>\n<p class=\"kv-page-content-paragraph\"><b>Luckympex F\u00e9mmegmunk\u00e1l\u00f3 \u00e9s Elektronikai Kft.<\/b><br \/>\n2012<\/p>\n<p class=\"kv-page-content-paragraph\"><b>Kamarell M\u00e1rta<\/b><br \/>\na Csiky Gergely Sz\u00ednh\u00e1z m\u0171v\u00e9szeti titk\u00e1ra, 2011<\/p>\n<p class=\"kv-page-content-paragraph\"><b>Prof. Dr. Rosta Istv\u00e1n<\/b><br \/>\negyetemi tan\u00e1r, 2011<\/p>\n<p class=\"kv-page-content-paragraph\"><b>Varga R\u00f3bert<\/b><br \/>\nk\u00f6nyvt\u00e1rigazgat\u00f3, 2011<\/p>\n<p class=\"kv-page-content-paragraph\"><b>Liget Id\u0151skor\u00faak Otthona<\/b><br \/>\n2011<\/p>\n<p class=\"kv-page-content-paragraph\"><b>Dr. Egyed Mikl\u00f3s<\/b><br \/>\na Kaposi M\u00f3r Oktat\u00f3 K\u00f3rh\u00e1z f\u0151orvosa, 2010<\/p>\n<p class=\"kv-page-content-paragraph\"><b>Dr. Herczeg Olga<\/b><br \/>\nfogorvos, 2010<\/p>\n<p class=\"kv-page-content-paragraph\"><b>Ponikfor Zolt\u00e1n<\/b><br \/>\naz \u00c9p\u00edt\u0151ipari \u00e9s Faipari Szakk\u00e9pz\u0151 Iskola nyugalmazott, alap\u00edt\u00f3 igazgat\u00f3ja, 2010<\/p>\n<p class=\"kv-page-content-paragraph\"><b>EC Pannon Lovasakad\u00e9mia<\/b><br \/>\n2010<\/p>\n<p class=\"kv-page-content-paragraph\"><b>Gera Katalin<\/b><br \/>\nszobr\u00e1szm\u0171v\u00e9sz, 2009<\/p>\n<p class=\"kv-page-content-paragraph\"><b>Dr. Gy\u00f3csi J\u00e1nos<\/b><br \/>\nnyugalmazott sz\u00fcl\u00e9sz-n\u0151gy\u00f3gy\u00e1sz f\u0151orvos, 2009<\/p>\n<p class=\"kv-page-content-paragraph\"><b>Jo\u00ebl Guerriau<\/b><br \/>\nSaint-S\u00e9bastien-sur-Loire polg\u00e1rmestere, 2009<\/p>\n<p class=\"kv-page-content-paragraph\"><b>Kassai Lovas\u00edj\u00e1sz Iskola<\/b><br \/>\n2009<\/p>\n<p class=\"kv-page-content-paragraph\"><b>Gerber Andr\u00e1s<br \/>\n<\/b> a Videoton Elektro-Plast Kft. \u00fcgyvezet\u0151 igazgat\u00f3ja, 2008<\/p>\n<p class=\"kv-page-content-paragraph\"><b>Dr. Kerekesn\u00e9 Pytel Anna<\/b><br \/>\nkarnagy, 2008<\/p>\n<p class=\"kv-page-content-paragraph\"><b>Kokas Katalin<\/b><br \/>\nheged\u0171m\u0171v\u00e9sz, 2008<\/p>\n<p class=\"kv-page-content-paragraph\"><b>Magyar Cukor Zrt. Kaposv\u00e1ri Gy\u00e1ra<\/b><br \/>\n2008<\/p>\n<p class=\"kv-page-content-paragraph\"><b>Dr. Ittz\u00e9s Bal\u00e1zs<\/b><br \/>\ngyermekorvos, 2007<\/p>\n<p class=\"kv-page-content-paragraph\"><b>Dr. M\u00e1gel Ferenc<\/b><br \/>\nf\u0151orvos, 2007<\/p>\n<p class=\"kv-page-content-paragraph\"><b>Szabados J\u00e1nos<\/b><br \/>\nfest\u0151m\u0171v\u00e9sz, 2007<\/p>\n<p class=\"kv-page-content-paragraph\"><b>Somssich\u2013T\u00e1ncsics Gimn\u00e1zium k\u00f6z\u00f6ss\u00e9ge<\/b><br \/>\n2007<\/p>\n<p class=\"kv-page-content-paragraph\"><b>Hunyadk\u00fcrti Gy\u00f6rgy<\/b><br \/>\nsz\u00ednm\u0171v\u00e9sz, 2006<\/p>\n<p class=\"kv-page-content-paragraph\"><b>Prof. Dr. Repa Imre<\/b><br \/>\negyetemi tan\u00e1r, rektorhelyettes, k\u00f3rh\u00e1z\u00e9p\u00edt\u0151 f\u0151igazgat\u00f3, 2006<\/p>\n<p class=\"kv-page-content-paragraph\"><b>Varga L\u00e1szl\u00f3<\/b><br \/>\npl\u00e9b\u00e1nos, 2006<\/p>\n<p class=\"kv-page-content-paragraph\"><b>Prait Gumijav\u00edt\u00f3 M\u0171hely<\/b><br \/>\n2006<\/p>\n<p class=\"kv-page-content-paragraph\"><b>Dr. Bors Istv\u00e1n<\/b><br \/>\nigazgat\u00f3, 2005<\/p>\n<p class=\"kv-page-content-paragraph\"><b>Dr. Mike Gy\u00f6rgy<\/b><br \/>\norvos, 2005<\/p>\n<p class=\"kv-page-content-paragraph\"><b>Sz\u00e9p Elem\u00e9r<\/b><br \/>\nt\u00e1nctan\u00e1r, 2005<\/p>\n<p class=\"kv-page-content-paragraph\"><b>Kom\u00e9ta 99 Kft.<\/b><br \/>\n2005<\/p>\n<p class=\"kv-page-content-paragraph\"><b>Jacz\u00f3 Gy\u0151z\u0151<\/b><br \/>\n\u00fcgyvezet\u0151 igazgat\u00f3, 2004<\/p>\n<p class=\"kv-page-content-paragraph\"><b>Dr. Heged\u00fcs Lajos<\/b><br \/>\na Mozg\u00e1skorl\u00e1tozottak Somogy Megyei Egyes\u00fclet\u00e9nek eln\u00f6ke, 2004<\/p>\n<p class=\"kv-page-content-paragraph\"><b>Dr. Berta Gyula<\/b><br \/>\nf\u0151orvos, 2004<\/p>\n<p class=\"kv-page-content-paragraph\"><b>Kaposv\u00e1ri Egyetem Diagnosztikai \u00e9s Onkoradiol\u00f3giai Int\u00e9zete<\/b><br \/>\n2004<\/p>\n<p class=\"kv-page-content-paragraph\"><b>Dr. Mari\u00e1n Mikl\u00f3s<\/b><br \/>\ntan\u00e1r, 2003<\/p>\n<p class=\"kv-page-content-paragraph\"><b>Dr. Stadler J\u00f3zsef<\/b><br \/>\nokl. \u00e9p\u00edt\u00e9szm\u00e9rn\u00f6k, v\u00e1ros\u00e9p\u00edt\u00e9si szakm\u00e9rn\u00f6k, 2003<\/p>\n<p class=\"kv-page-content-paragraph\"><b>Dr. Totth L\u00e1szl\u00f3<\/b><br \/>\nf\u0151rvos, 2003<\/p>\n<p class=\"kv-page-content-paragraph\"><b>STRABAG \u00c9p\u00edt\u0151 Kft.<\/b><br \/>\n2003<\/p>\n<p class=\"kv-page-content-paragraph\"><b>Dr. Feh\u00e9r Istv\u00e1n<\/b><br \/>\ntan\u00e1r, 2002<\/p>\n<p class=\"kv-page-content-paragraph\"><b>Bellai Zolt\u00e1n<\/b><br \/>\nreform\u00e1tus lelk\u00e9sz, 2002<\/p>\n<p class=\"kv-page-content-paragraph\"><b>Dr. Andr\u00e1sofszky Barna<\/b><br \/>\nk\u00f3rh\u00e1zigazgat\u00f3, 2002<\/p>\n<p class=\"kv-page-content-paragraph\"><b>KAPOSFIL Kft.<\/b><br \/>\n2002<\/p>\n<p class=\"kv-page-content-paragraph\"><b>Csonka B\u00e9la<\/b><br \/>\nfot\u00f3m\u0171v\u00e9sz, 2001<\/p>\n<p class=\"kv-page-content-paragraph\"><b>Szigetv\u00e1ri Gy\u00f6rgy<\/b><br \/>\n\u00e9p\u00edt\u00e9sz, 2001<\/p>\n<p class=\"kv-page-content-paragraph\"><b>Varga J\u00f3zsef<br \/>\n<\/b>a Somogyi Kereskedelmi \u00e9s Iparkamara eln\u00f6ke, 2001<\/p>\n<p class=\"kv-page-content-paragraph\"><b>Videoton MBKE \u00e9s Videoton Holding Elektro Plast<\/b><br \/>\n2001<\/p>\n<p class=\"kv-page-content-paragraph\"><b>Dr. K\u00e9ki Zolt\u00e1n<\/b><br \/>\njegyz\u0151, 2000<\/p>\n<p class=\"kv-page-content-paragraph\"><b>Dr. G\u00e1sp\u00e1r Ferenc<\/b><br \/>\norvos, 2000<\/p>\n<p class=\"kv-page-content-paragraph\"><b>Agg J\u00f3zsef<\/b><br \/>\nf\u0151esperes-pl\u00e9b\u00e1nos, 2000<\/p>\n<p class=\"kv-page-content-paragraph\"><b>64. Bocon\u00e1di Szab\u00f3 J\u00f3zsef Logisztikai Ezred<\/b><br \/>\n2000<\/p>\n<p class=\"kv-page-content-paragraph\"><b>&#8220;K\u00f6t\u00e9l&#8221; Kaposv\u00e1ri \u00d6nk\u00e9ntes T\u0171zolt\u00f3 \u00e9s \u00c9letment\u0151 Egyes\u00fclet<\/b><br \/>\n2000<\/p>\n<p class=\"kv-page-content-paragraph\"><b>Dr. Ujk\u00e9ry Csaba<\/b><br \/>\na Somogy Megyei B\u00edr\u00f3s\u00e1g eln\u00f6ke, 1999<\/p>\n<p class=\"kv-page-content-paragraph\"><b>Dr. P\u00e9teri P\u00e1l<\/b><br \/>\npl\u00e9b\u00e1nos, 1999<\/p>\n<p class=\"kv-page-content-paragraph\"><b>Dr. Pap G\u00e1bor<\/b><br \/>\ntan\u00e1r, 1999<\/p>\n<p class=\"kv-page-content-paragraph\"><b>&#8220;K\u00f6t\u00e9l&#8221; Kaposv\u00e1ri \u00d6nk\u00e9ntes T\u0171zolt\u00f3 \u00e9s \u00c9letment\u0151 Egyes\u00fclet<\/b><br \/>\n1999<\/p>\n<p class=\"kv-page-content-paragraph\"><b>Szirmayn\u00e9 Bayer Erzs\u00e9bet<\/b><br \/>\nfest\u0151m\u0171v\u00e9sz, 1998<\/p>\n<p class=\"kv-page-content-paragraph\"><b>Dr. Szirmay Endre<\/b><br \/>\nk\u00f6lt\u0151, m\u0171ford\u00edt\u00f3 (megosztva), 1998<\/p>\n<p class=\"kv-page-content-paragraph\"><b>Leitner S\u00e1ndor<\/b><br \/>\nf\u0151igazgat\u00f3, 1998<\/p>\n<p class=\"kv-page-content-paragraph\"><b>Dr. Cs\u00e1kabonyi Bal\u00e1zs<\/b><br \/>\n\u00fcgyv\u00e9d, 1998<\/p>\n<p class=\"kv-page-content-paragraph\"><b>T\u00e1ncsics Mih\u00e1ly Gimn\u00e1zium<\/b><br \/>\n1998<\/p>\n<p class=\"kv-page-content-paragraph\"><b>Hajd\u00fa Gy\u00f6rgy<\/b><br \/>\ntan\u00e1r, 1997<\/p>\n<p class=\"kv-page-content-paragraph\"><b>K\u00e1sa S\u00e1ndor<\/b><br \/>\nv\u00e1llalkoz\u00f3, 1997<\/p>\n<p class=\"kv-page-content-paragraph\"><b>Papp J\u00e1nos<\/b><br \/>\ntan\u00e1cseln\u00f6k, 1997<\/p>\n<p class=\"kv-page-content-paragraph\"><b>Kaposi M\u00f3r Megyei K\u00f3rh\u00e1z<\/b><br \/>\n1997<\/p>\n<p class=\"kv-page-content-paragraph\"><b>Zalai Ferenc<\/b><br \/>\npl\u00e9b\u00e1nos, 1996<\/p>\n<p class=\"kv-page-content-paragraph\"><b>Dr. Szij\u00e1rt\u00f3 \u00c1rp\u00e1d<\/b><br \/>\norvos, 1996<\/p>\n<p class=\"kv-page-content-paragraph\"><b>Dr. Klujber L\u00e1szl\u00f3<\/b><br \/>\ntisztvisel\u0151, 1996<\/p>\n<p class=\"kv-page-content-paragraph\"><b>Somogyi H\u00edrlap Szerkeszt\u0151s\u00e9ge<\/b><br \/>\n1996<\/p>\n<p class=\"kv-page-content-paragraph\"><b>P\u00e9ter J\u00e1nos<\/b><br \/>\nfot\u00f3m\u0171v\u00e9sz, 1995<\/p>\n<p class=\"kv-page-content-paragraph\"><b>Dr. Rozsos Istv\u00e1n<\/b><br \/>\norvos, 1995<\/p>\n<p class=\"kv-page-content-paragraph\"><b>Szabados P\u00e9ter<\/b><br \/>\npolg\u00e1rmester, 1995<\/p>\n<p class=\"kv-page-content-paragraph\"><b>V\u00e1rosi T\u0171zolt\u00f3s\u00e1g<\/b><br \/>\n1995<\/p>\n<p class=\"kv-page-content-paragraph\"><b>\u00c9p\u00edt\u0151ipari Szakk\u00f6z\u00e9piskola<\/b><br \/>\n1995<\/p>\n<p class=\"kv-page-content-paragraph\"><b>Csokonai Vit\u00e9z Mih\u00e1ly Tan\u00edt\u00f3k\u00e9pz\u0151 F\u0151iskola<\/b><br \/>\n1995<\/p>\n<p class=\"kv-page-content-paragraph\"><b>Papp \u00c1rp\u00e1d<\/b><br \/>\nk\u00f6lt\u0151, m\u0171ford\u00edt\u00f3, 1994<\/p>\n<p class=\"kv-page-content-paragraph\"><b>Hans Meier<\/b><br \/>\naz Eur\u00f3pai Uni\u00f3 Glindei Szervezet\u00e9nek vezet\u0151je, 1994<\/p>\n<p class=\"kv-page-content-paragraph\"><b>Drahos B\u00e9la<br \/>\n<\/b>fuvolam\u0171v\u00e9sz, karmester, 1994<\/p>\n<p class=\"kv-page-content-paragraph\"><b>Munk\u00e1csy Mih\u00e1ly Gimn\u00e1zium \u00e9s Eg\u00e9szs\u00e9g\u00fcgyi Szakk\u00f6z\u00e9piskola nevel\u0151test\u00fclete<\/b><br \/>\n1994<\/p>\n<p class=\"kv-page-content-paragraph\"><b>Kaposv\u00e1ri Csiky Gergely Sz\u00ednh\u00e1z<\/b><br \/>\n1994<\/p>\n<p class=\"kv-page-content-paragraph\"><b>Kaposv\u00e1ri Cukorgy\u00e1r Rt.<\/b><br \/>\n1994<\/p>\n<p class=\"kv-page-content-paragraph\"><b>Dr. Martyn R\u00f3bert<\/b><br \/>\norvos, 1993<\/p>\n<p class=\"kv-page-content-paragraph\"><b>Dr. Dom\u00e1ny S\u00e1ndor<\/b><br \/>\norvos, 1993<\/p>\n<p class=\"kv-page-content-paragraph\"><b>Bezer\u00e9di Zolt\u00e1n<\/b><br \/>\nsz\u00ednm\u0171v\u00e9sz, rendez\u0151, 1993<\/p>\n<p class=\"kv-page-content-paragraph\"><b>Vik\u00e1r B\u00e9la K\u00f3rus<\/b><br \/>\n1993<\/p>\n<p class=\"kv-page-content-paragraph\"><b>Balaton F\u00dcSZ\u00c9RT Rt.<\/b><br \/>\n1993<\/p>\n<p class=\"kv-page-content-paragraph\"><b>Ascher Tam\u00e1s<\/b><br \/>\nf\u0151rendez\u0151, 1992<\/p>\n<p class=\"kv-page-content-paragraph\"><b>Somogy T\u00e1ncegy\u00fcttes<\/b><br \/>\n1992<\/p>\n<div class=\"kv-page-content-paragraph kv-page-margin-1\">\u00a0<\/div>\n<p><\/p>","protected":false},"excerpt":{"rendered":"<p>2018-t\u00f3l Pro Urbe Kaposv\u00e1r &nbsp; Lengyel J\u00e1nos \u00fajs\u00e1g\u00edr\u00f3, a Somogyi H\u00edrlap volt f\u0151szerkeszt\u0151je, 2026 id. Dr. Pavlovics Gy\u00f6rgy h\u00e1zi gyermekorvos, 2026 Szab\u00f3 Ferenc a Szab\u00f3 Fogasker\u00e9kgy\u00e1rt\u00f3 Kft. \u00fcgyvezet\u0151je, 2026 Tak\u00e1ts Gyula V\u00e1rmegyei Hat\u00f3k\u00f6r\u0171 V\u00e1rosi K\u00f6nyvt\u00e1r 2026 Csiba \u00c1gota a Kaposv\u00e1ri Szakk\u00e9pz\u00e9si Centrum volt kancell\u00e1rja, 2025 Dr. Moizs Marianna a Somogy V\u00e1rmegyei Kaposi M\u00f3r Oktat\u00f3 K\u00f3rh\u00e1z [&hellip;]<\/p>\n","protected":false},"author":1,"featured_media":1397,"parent":0,"menu_order":0,"comment_status":"closed","ping_status":"closed","template":"","meta":[],"acf":[],"yoast_head":"<!-- This site is optimized with the Yoast SEO plugin v19.8 - https:\/\/yoast.com\/wordpress\/plugins\/seo\/ -->\n<title>A Kaposv\u00e1r V\u00e1ros\u00e9rt kit\u00fcntet\u00e9s tulajdonosai - Kaposv\u00e1r Megyei Jog\u00fa V\u00e1ros<\/title>\n<meta name=\"robots\" content=\"index, follow, max-snippet:-1, max-image-preview:large, max-video-preview:-1\" \/>\n<link rel=\"canonical\" href=\"https:\/\/otthon.kaposvar.hu\/hu\/a-kaposvar-varosert-kituntetes-tulajdonosai\/\" \/>\n<meta property=\"og:locale\" content=\"hu_HU\" \/>\n<meta property=\"og:type\" content=\"article\" \/>\n<meta property=\"og:title\" content=\"A Kaposv\u00e1r V\u00e1ros\u00e9rt kit\u00fcntet\u00e9s tulajdonosai - Kaposv\u00e1r Megyei Jog\u00fa V\u00e1ros\" \/>\n<meta property=\"og:description\" content=\"2018-t\u00f3l Pro Urbe Kaposv\u00e1r &nbsp; Lengyel J\u00e1nos \u00fajs\u00e1g\u00edr\u00f3, a Somogyi H\u00edrlap volt f\u0151szerkeszt\u0151je, 2026 id. Dr. Pavlovics Gy\u00f6rgy h\u00e1zi gyermekorvos, 2026 Szab\u00f3 Ferenc a Szab\u00f3 Fogasker\u00e9kgy\u00e1rt\u00f3 Kft. \u00fcgyvezet\u0151je, 2026 Tak\u00e1ts Gyula V\u00e1rmegyei Hat\u00f3k\u00f6r\u0171 V\u00e1rosi K\u00f6nyvt\u00e1r 2026 Csiba \u00c1gota a Kaposv\u00e1ri Szakk\u00e9pz\u00e9si Centrum volt kancell\u00e1rja, 2025 Dr. Moizs Marianna a Somogy V\u00e1rmegyei Kaposi M\u00f3r Oktat\u00f3 K\u00f3rh\u00e1z [&hellip;]\" \/>\n<meta property=\"og:url\" content=\"https:\/\/otthon.kaposvar.hu\/hu\/a-kaposvar-varosert-kituntetes-tulajdonosai\/\" \/>\n<meta property=\"og:site_name\" content=\"Kaposv\u00e1r Megyei Jog\u00fa V\u00e1ros\" \/>\n<meta property=\"article:publisher\" content=\"https:\/\/www.facebook.com\/cityofkaposvar\/\" \/>\n<meta property=\"article:modified_time\" content=\"2026-01-28T15:17:09+00:00\" \/>\n<meta property=\"og:image\" content=\"https:\/\/otthon.kaposvar.hu\/wp-content\/uploads\/2017\/03\/kituntetettek.jpg\" \/>\n\t<meta property=\"og:image:width\" content=\"1920\" \/>\n\t<meta property=\"og:image:height\" content=\"1280\" \/>\n\t<meta property=\"og:image:type\" content=\"image\/jpeg\" \/>\n<meta name=\"twitter:card\" content=\"summary_large_image\" \/>\n<meta name=\"twitter:label1\" content=\"Becs\u00fclt olvas\u00e1si id\u0151\" \/>\n\t<meta name=\"twitter:data1\" content=\"6 perc\" \/>\n<script type=\"application\/ld+json\" class=\"yoast-schema-graph\">{\"@context\":\"https:\/\/schema.org\",\"@graph\":[{\"@type\":\"WebPage\",\"@id\":\"https:\/\/otthon.kaposvar.hu\/hu\/a-kaposvar-varosert-kituntetes-tulajdonosai\/\",\"url\":\"https:\/\/otthon.kaposvar.hu\/hu\/a-kaposvar-varosert-kituntetes-tulajdonosai\/\",\"name\":\"A Kaposv\u00e1r V\u00e1ros\u00e9rt kit\u00fcntet\u00e9s tulajdonosai - Kaposv\u00e1r Megyei Jog\u00fa V\u00e1ros\",\"isPartOf\":{\"@id\":\"https:\/\/otthon.kaposvar.hu\/hu\/#website\"},\"datePublished\":\"2017-03-03T20:44:57+00:00\",\"dateModified\":\"2026-01-28T15:17:09+00:00\",\"breadcrumb\":{\"@id\":\"https:\/\/otthon.kaposvar.hu\/hu\/a-kaposvar-varosert-kituntetes-tulajdonosai\/#breadcrumb\"},\"inLanguage\":\"hu\",\"potentialAction\":[{\"@type\":\"ReadAction\",\"target\":[[\"https:\/\/otthon.kaposvar.hu\/hu\/a-kaposvar-varosert-kituntetes-tulajdonosai\/\"]]}]},{\"@type\":\"BreadcrumbList\",\"@id\":\"https:\/\/otthon.kaposvar.hu\/hu\/a-kaposvar-varosert-kituntetes-tulajdonosai\/#breadcrumb\",\"itemListElement\":[{\"@type\":\"ListItem\",\"position\":1,\"name\":\"Home\",\"item\":\"https:\/\/otthon.kaposvar.hu\/hu\/\"},{\"@type\":\"ListItem\",\"position\":2,\"name\":\"A Kaposv\u00e1r V\u00e1ros\u00e9rt kit\u00fcntet\u00e9s tulajdonosai\"}]},{\"@type\":\"WebSite\",\"@id\":\"https:\/\/otthon.kaposvar.hu\/hu\/#website\",\"url\":\"https:\/\/otthon.kaposvar.hu\/hu\/\",\"name\":\"Kaposv\u00e1r Megyei Jog\u00fa V\u00e1ros\",\"description\":\"\",\"publisher\":{\"@id\":\"https:\/\/otthon.kaposvar.hu\/hu\/#organization\"},\"potentialAction\":[{\"@type\":\"SearchAction\",\"target\":{\"@type\":\"EntryPoint\",\"urlTemplate\":\"https:\/\/otthon.kaposvar.hu\/hu\/?s={search_term_string}\"},\"query-input\":\"required name=search_term_string\"}],\"inLanguage\":\"hu\"},{\"@type\":\"Organization\",\"@id\":\"https:\/\/otthon.kaposvar.hu\/hu\/#organization\",\"name\":\"Kaposv\u00e1r Megyei Jog\u00fa V\u00e1ros\",\"url\":\"https:\/\/otthon.kaposvar.hu\/hu\/\",\"sameAs\":[\"https:\/\/www.instagram.com\/cityofkaposvar\/\",\"https:\/\/www.facebook.com\/cityofkaposvar\/\"],\"logo\":{\"@type\":\"ImageObject\",\"inLanguage\":\"hu\",\"@id\":\"https:\/\/otthon.kaposvar.hu\/hu\/#\/schema\/logo\/image\/\",\"url\":\"https:\/\/otthon.kaposvar.hu\/wp-content\/uploads\/2021\/10\/kaposvar_social.jpg\",\"contentUrl\":\"https:\/\/otthon.kaposvar.hu\/wp-content\/uploads\/2021\/10\/kaposvar_social.jpg\",\"width\":1200,\"height\":900,\"caption\":\"Kaposv\u00e1r Megyei Jog\u00fa V\u00e1ros\"},\"image\":{\"@id\":\"https:\/\/otthon.kaposvar.hu\/hu\/#\/schema\/logo\/image\/\"}}]}<\/script>\n<!-- \/ Yoast SEO plugin. -->","yoast_head_json":{"title":"A Kaposv\u00e1r V\u00e1ros\u00e9rt kit\u00fcntet\u00e9s tulajdonosai - Kaposv\u00e1r Megyei Jog\u00fa V\u00e1ros","robots":{"index":"index","follow":"follow","max-snippet":"max-snippet:-1","max-image-preview":"max-image-preview:large","max-video-preview":"max-video-preview:-1"},"canonical":"https:\/\/otthon.kaposvar.hu\/hu\/a-kaposvar-varosert-kituntetes-tulajdonosai\/","og_locale":"hu_HU","og_type":"article","og_title":"A Kaposv\u00e1r V\u00e1ros\u00e9rt kit\u00fcntet\u00e9s tulajdonosai - Kaposv\u00e1r Megyei Jog\u00fa V\u00e1ros","og_description":"2018-t\u00f3l Pro Urbe Kaposv\u00e1r &nbsp; Lengyel J\u00e1nos \u00fajs\u00e1g\u00edr\u00f3, a Somogyi H\u00edrlap volt f\u0151szerkeszt\u0151je, 2026 id. Dr. Pavlovics Gy\u00f6rgy h\u00e1zi gyermekorvos, 2026 Szab\u00f3 Ferenc a Szab\u00f3 Fogasker\u00e9kgy\u00e1rt\u00f3 Kft. \u00fcgyvezet\u0151je, 2026 Tak\u00e1ts Gyula V\u00e1rmegyei Hat\u00f3k\u00f6r\u0171 V\u00e1rosi K\u00f6nyvt\u00e1r 2026 Csiba \u00c1gota a Kaposv\u00e1ri Szakk\u00e9pz\u00e9si Centrum volt kancell\u00e1rja, 2025 Dr. Moizs Marianna a Somogy V\u00e1rmegyei Kaposi M\u00f3r Oktat\u00f3 K\u00f3rh\u00e1z [&hellip;]","og_url":"https:\/\/otthon.kaposvar.hu\/hu\/a-kaposvar-varosert-kituntetes-tulajdonosai\/","og_site_name":"Kaposv\u00e1r Megyei Jog\u00fa V\u00e1ros","article_publisher":"https:\/\/www.facebook.com\/cityofkaposvar\/","article_modified_time":"2026-01-28T15:17:09+00:00","og_image":[{"width":1920,"height":1280,"url":"https:\/\/otthon.kaposvar.hu\/wp-content\/uploads\/2017\/03\/kituntetettek.jpg","type":"image\/jpeg"}],"twitter_card":"summary_large_image","twitter_misc":{"Becs\u00fclt olvas\u00e1si id\u0151":"6 perc"},"schema":{"@context":"https:\/\/schema.org","@graph":[{"@type":"WebPage","@id":"https:\/\/otthon.kaposvar.hu\/hu\/a-kaposvar-varosert-kituntetes-tulajdonosai\/","url":"https:\/\/otthon.kaposvar.hu\/hu\/a-kaposvar-varosert-kituntetes-tulajdonosai\/","name":"A Kaposv\u00e1r V\u00e1ros\u00e9rt kit\u00fcntet\u00e9s tulajdonosai - Kaposv\u00e1r Megyei Jog\u00fa V\u00e1ros","isPartOf":{"@id":"https:\/\/otthon.kaposvar.hu\/hu\/#website"},"datePublished":"2017-03-03T20:44:57+00:00","dateModified":"2026-01-28T15:17:09+00:00","breadcrumb":{"@id":"https:\/\/otthon.kaposvar.hu\/hu\/a-kaposvar-varosert-kituntetes-tulajdonosai\/#breadcrumb"},"inLanguage":"hu","potentialAction":[{"@type":"ReadAction","target":[["https:\/\/otthon.kaposvar.hu\/hu\/a-kaposvar-varosert-kituntetes-tulajdonosai\/"]]}]},{"@type":"BreadcrumbList","@id":"https:\/\/otthon.kaposvar.hu\/hu\/a-kaposvar-varosert-kituntetes-tulajdonosai\/#breadcrumb","itemListElement":[{"@type":"ListItem","position":1,"name":"Home","item":"https:\/\/otthon.kaposvar.hu\/hu\/"},{"@type":"ListItem","position":2,"name":"A Kaposv\u00e1r V\u00e1ros\u00e9rt kit\u00fcntet\u00e9s tulajdonosai"}]},{"@type":"WebSite","@id":"https:\/\/otthon.kaposvar.hu\/hu\/#website","url":"https:\/\/otthon.kaposvar.hu\/hu\/","name":"Kaposv\u00e1r Megyei Jog\u00fa V\u00e1ros","description":"","publisher":{"@id":"https:\/\/otthon.kaposvar.hu\/hu\/#organization"},"potentialAction":[{"@type":"SearchAction","target":{"@type":"EntryPoint","urlTemplate":"https:\/\/otthon.kaposvar.hu\/hu\/?s={search_term_string}"},"query-input":"required name=search_term_string"}],"inLanguage":"hu"},{"@type":"Organization","@id":"https:\/\/otthon.kaposvar.hu\/hu\/#organization","name":"Kaposv\u00e1r Megyei Jog\u00fa V\u00e1ros","url":"https:\/\/otthon.kaposvar.hu\/hu\/","sameAs":["https:\/\/www.instagram.com\/cityofkaposvar\/","https:\/\/www.facebook.com\/cityofkaposvar\/"],"logo":{"@type":"ImageObject","inLanguage":"hu","@id":"https:\/\/otthon.kaposvar.hu\/hu\/#\/schema\/logo\/image\/","url":"https:\/\/otthon.kaposvar.hu\/wp-content\/uploads\/2021\/10\/kaposvar_social.jpg","contentUrl":"https:\/\/otthon.kaposvar.hu\/wp-content\/uploads\/2021\/10\/kaposvar_social.jpg","width":1200,"height":900,"caption":"Kaposv\u00e1r Megyei Jog\u00fa V\u00e1ros"},"image":{"@id":"https:\/\/otthon.kaposvar.hu\/hu\/#\/schema\/logo\/image\/"}}]}},"_links":{"self":[{"href":"https:\/\/otthon.kaposvar.hu\/hu\/wp-json\/wp\/v2\/pages\/1187"}],"collection":[{"href":"https:\/\/otthon.kaposvar.hu\/hu\/wp-json\/wp\/v2\/pages"}],"about":[{"href":"https:\/\/otthon.kaposvar.hu\/hu\/wp-json\/wp\/v2\/types\/page"}],"author":[{"embeddable":true,"href":"https:\/\/otthon.kaposvar.hu\/hu\/wp-json\/wp\/v2\/users\/1"}],"replies":[{"embeddable":true,"href":"https:\/\/otthon.kaposvar.hu\/hu\/wp-json\/wp\/v2\/comments?post=1187"}],"version-history":[{"count":0,"href":"https:\/\/otthon.kaposvar.hu\/hu\/wp-json\/wp\/v2\/pages\/1187\/revisions"}],"wp:featuredmedia":[{"embeddable":true,"href":"https:\/\/otthon.kaposvar.hu\/hu\/wp-json\/wp\/v2\/media\/1397"}],"wp:attachment":[{"href":"https:\/\/otthon.kaposvar.hu\/hu\/wp-json\/wp\/v2\/media?parent=1187"}],"curies":[{"name":"wp","href":"https:\/\/api.w.org\/{rel}","templated":true}]}}