{"id":1186,"date":"2017-03-03T21:44:45","date_gmt":"2017-03-03T20:44:45","guid":{"rendered":"http:\/\/lakossag.kaposvar\/?page_id=1186"},"modified":"2026-01-28T16:13:05","modified_gmt":"2026-01-28T15:13:05","slug":"kaposvar-diszpolgarai","status":"publish","type":"page","link":"https:\/\/otthon.kaposvar.hu\/hu\/kaposvar-diszpolgarai\/","title":{"rendered":"Kaposv\u00e1r d\u00edszpolg\u00e1rai"},"content":{"rendered":"<p><\/p>\n<p><b>Kassai Lajos <\/b>(2026)<br \/>\n\u00edjk\u00e9sz\u00edt\u0151, lovas \u00edj\u00e1sz<\/p>\n<p class=\"kv-page-content-paragraph\"><b>Pog\u00e1ny Judit<\/b> (2025)<br \/>\nsz\u00ednm\u0171v\u00e9sz<\/p>\n<p class=\"kv-page-content-paragraph\"><b>S\u00e1nta Ferenc ifj.<\/b> (2024)<br \/>\nheged\u0171m\u0171v\u00e9sz, pr\u00edm\u00e1s<\/p>\n<p class=\"kv-page-content-paragraph\"><b>Prof. dr. Kov\u00e1cs Melinda<\/b> (2023)<br \/>\nakad\u00e9mikus, egyetemi tan\u00e1r<\/p>\n<p class=\"kv-page-content-paragraph\"><b>Varga L\u00e1szl\u00f3<\/b> (2022)<br \/>\nmegy\u00e9s p\u00fcsp\u00f6k<\/p>\n<p class=\"kv-page-content-paragraph\"><b>Dr. Kerekesn\u00e9 Pytel Anna<\/b> (2021)<br \/>\nzenepedag\u00f3gus, k\u00f3rusvezet\u0151<\/p>\n<p class=\"kv-page-content-paragraph\"><b>Moln\u00e1r Piroska<\/b> (2020)<br \/>\nsz\u00ednm\u0171v\u00e9sz<\/p>\n<p class=\"kv-page-content-paragraph\"><b>Prof. Dr. Rosta Istv\u00e1n<\/b> (2019)<br \/>\ntudom\u00e1nyt\u00f6rt\u00e9n\u00e9sz, egyetemi tan\u00e1r<\/p>\n<p class=\"kv-page-content-paragraph\"><b>Gerber Andr\u00e1s<\/b> (2018)<br \/>\na\u00a0Videoton Elektro-Plast Kft. \u00fcgyvezet\u0151 igazgat\u00f3ja<\/p>\n<p class=\"kv-page-content-paragraph\"><b>Varga J\u00f3zsef<\/b> (2018)<br \/>\na Kaposv\u00e1ri Villamoss\u00e1gi Gy\u00e1r Kft. \u00fcgyvezet\u0151 igazgat\u00f3ja<\/p>\n<p class=\"kv-page-content-paragraph\"><b>Dr. K\u00e9ki Zolt\u00e1n<\/b> (2017)<br \/>\na Polg\u00e1rmesteri Hivatal c\u00edmzetes f\u0151jegyz\u0151je<\/p>\n<p class=\"kv-page-content-paragraph\"><b>Bellai Zolt\u00e1n<\/b> (2016)<br \/>\nreform\u00e1tus lelk\u00e9sz, a Dun\u00e1nt\u00fali Reform\u00e1tus Egyh\u00e1zker\u00fclet p\u00fcsp\u00f6ki f\u0151tan\u00e1csosa<\/p>\n<p class=\"kv-page-content-paragraph\"><b>Juh\u00e1sz Tibor<\/b> (2015)<br \/>\nkor\u00e1bbi alpolg\u00e1rmester, korm\u00e1nymegb\u00edzott<\/p>\n<p class=\"kv-page-content-paragraph\"><b>Dr. Fekete L\u00e1szl\u00f3<\/b> (2014)<br \/>\n\u00fcgyv\u00e9d<\/p>\n<p class=\"kv-page-content-paragraph\"><b>Prof. Dr. Repa Imre<\/b> (2013)<br \/>\negyetemi tan\u00e1r, rektorhelyettes, k\u00f3rh\u00e1z\u00e9p\u00edt\u0151 f\u0151igazgat\u00f3<\/p>\n<p class=\"kv-page-content-paragraph\"><b>Dr. G\u00e1sp\u00e1r Ferenc<\/b> (2012)<br \/>\ntan\u00e1csad\u00f3 f\u0151orvos<\/p>\n<p class=\"kv-page-content-paragraph\"><b>Dr. Szirmay Endre<\/b> (2011)<br \/>\nnyugalmazott f\u0151iskolai tan\u00e1r, k\u00f6lt\u0151, \u00edr\u00f3, m\u0171ford\u00edt\u00f3<\/p>\n<p class=\"kv-page-content-paragraph\"><b>Dr. Szili Ferenc<\/b> (2010)<br \/>\nkandid\u00e1tus, nyugalmazott lev\u00e9lt\u00e1r-igazgat\u00f3<\/p>\n<p class=\"kv-page-content-paragraph\"><b>Dr. Szij\u00e1rt\u00f3 Istv\u00e1n<\/b> (2009)<br \/>\negyetemi docens, a Balaton Akad\u00e9mia alap\u00edt\u00f3 eln\u00f6ke<\/p>\n<p class=\"kv-page-content-paragraph\"><b>Szigetv\u00e1ri Gy\u00f6rgy<\/b> (2008)<br \/>\nYbl-d\u00edjas \u00e9p\u00edt\u00e9sz<\/p>\n<p class=\"kv-page-content-paragraph\"><b>Dr. Ozsv\u00e1th Ferenc<\/b> (2007)<br \/>\ntan\u00e1r<\/p>\n<p class=\"kv-page-content-paragraph\"><b>Prof. Dr. Papp Lajos<\/b> (2006)<br \/>\nsz\u00edvseb\u00e9sz<\/p>\n<p class=\"kv-page-content-paragraph\"><b>Bal\u00e1s B\u00e9la<\/b> (2005)<br \/>\nmegy\u00e9s p\u00fcsp\u00f6k<\/p>\n<p class=\"kv-page-content-paragraph\"><b>Temesi Lajosn\u00e9 F\u00e9s\u0171s \u00c9va<\/b> (2004)<br \/>\n\u00edr\u00f3<\/p>\n<p class=\"kv-page-content-paragraph\"><b>Prof. Dr. Rozsos Istv\u00e1n<\/b> (2003)<br \/>\nf\u0151orvos<\/p>\n<p class=\"kv-page-content-paragraph\"><b>Papp \u00c1rp\u00e1d<\/b> (2002)<br \/>\nk\u00f6lt\u0151, m\u0171ford\u00edt\u00f3, gimn\u00e1ziumi tan\u00e1r<\/p>\n<p class=\"kv-page-content-paragraph\"><b>Dr. Bellyei \u00c1rp\u00e1d<\/b> (2001)<br \/>\nprofesszor<\/p>\n<p class=\"kv-page-content-paragraph\"><b>Dr. Szilli Gyula<\/b> (2000)<br \/>\n\u00fcgyv\u00e9d<\/p>\n<p class=\"kv-page-content-paragraph\"><b>Dr. Martyn R\u00f3bert<\/b> (1999)<br \/>\norvos<\/p>\n<p class=\"kv-page-content-paragraph\"><b>Babarczy L\u00e1szl\u00f3<\/b> (1998)<br \/>\na Csiky Gergely Sz\u00ednh\u00e1z igazgat\u00f3ja<\/p>\n<p class=\"kv-page-content-paragraph\"><b>D\u00e9v\u00e9nyi Zolt\u00e1n<\/b> (1995)<br \/>\na Balaton F\u00fcsz\u00e9rt vez\u00e9rigazgat\u00f3ja<\/p>\n<p class=\"kv-page-content-paragraph\"><b>Dr. Bodosi Mih\u00e1ly<\/b> (1994)<br \/>\na kaposv\u00e1ri k\u00f3rh\u00e1z nyugalmazott oszt\u00e1lyvezet\u0151 f\u0151orvosa<\/p>\n<p class=\"kv-page-content-paragraph\"><b>Juan Gyenes<\/b> (1993)<br \/>\nfot\u00f3m\u0171v\u00e9sz<\/p>\n<p class=\"kv-page-content-paragraph\"><b>Dr. Han\u00e1k P\u00e9ter<\/b> (1992)<br \/>\nakad\u00e9mikus, t\u00f6rt\u00e9n\u00e9sz<\/p>\n<p class=\"kv-page-content-paragraph\"><b>Z\u00e1k\u00e1nyi Zsolt<\/b> (1990)<br \/>\nkarnagy<\/p>\n<p class=\"kv-page-content-paragraph\"><b>Dr. Horn P\u00e9ter<\/b> (1990)<br \/>\na PATE rektora<\/p>\n<p class=\"kv-page-content-paragraph\"><b>Kelemen J\u00f3zsef<\/b> (1984)<br \/>\nnyugalmazott v\u00e1llalatigazgat\u00f3<\/p>\n<p class=\"kv-page-content-paragraph\"><b>Dr. Szirmai Jen\u0151<\/b> (1983)<br \/>\nOTP-vez\u00e9rigazgat\u00f3<\/p>\n<p class=\"kv-page-content-paragraph\"><b>M\u00fcller L\u00e1szl\u00f3<\/b> (1982)<br \/>\nnyugalmazott ruhagy\u00e1r-igazgat\u00f3<\/p>\n<p class=\"kv-page-content-paragraph\"><b>Dr. Kanyar J\u00f3zsef<\/b> (1978)<br \/>\nlev\u00e9lt\u00e1r-igazgat\u00f3<\/p>\n<p class=\"kv-page-content-paragraph\"><b>Rost\u00e1s K\u00e1roly<\/b> (1975)<br \/>\nnyugalmazott tan\u00e1cseln\u00f6k<\/p>\n<p class=\"kv-page-content-paragraph\"><b>R\u00f3na Imre<\/b> (1974)<br \/>\na Kaposv\u00e1ri Textilm\u0171vek nyugalmazott igazgat\u00f3ja<\/p>\n<p class=\"kv-page-content-paragraph\"><b>Bern\u00e1th Aur\u00e9l<\/b> (1973)<br \/>\nfest\u0151m\u0171v\u00e9sz<\/p>\n<p class=\"kv-page-content-paragraph\"><b>Bo\u00f3r Istv\u00e1n<\/b> (1973)<br \/>\nnyugalmazott polg\u00e1rmester<\/p>\n<p class=\"kv-page-content-paragraph\"><b>Csere L\u00e1szl\u00f3n\u00e9<\/b> (1973)<br \/>\nruhagy\u00e1ri munk\u00e1s<\/p>\n<p class=\"kv-page-content-paragraph\"><b>Tak\u00e1ts Gyula<\/b> (1973)<br \/>\n\u00edr\u00f3<\/p>\n<p class=\"kv-page-content-paragraph\"><b>Bethlen Istv\u00e1n gr\u00f3f<\/b> (1931)<br \/>\nminisztereln\u00f6k<\/p>\n<p class=\"kv-page-content-paragraph\"><b>Apponyi Albert gr\u00f3f<\/b> (1921)<br \/>\na k\u00e9pvisel\u0151h\u00e1z volt eln\u00f6ke, egykori miniszter<\/p>\n<p class=\"kv-page-content-paragraph\"><b>Kossuth Lajos<\/b> (1889)<br \/>\nvolt korm\u00e1nyz\u00f3-eln\u00f6k<\/p>\n<p class=\"kv-page-content-paragraph\"><b>Sz\u00e9chenyi Istv\u00e1n gr\u00f3f<\/b> (1835)<br \/>\npolitikus, \u00edr\u00f3<\/p>\n<div class=\"kv-page-content-paragraph kv-page-margin-1\">\u00a0<\/div>\n<p><\/p>","protected":false},"excerpt":{"rendered":"<p>Kassai Lajos (2026) \u00edjk\u00e9sz\u00edt\u0151, lovas \u00edj\u00e1sz Pog\u00e1ny Judit (2025) sz\u00ednm\u0171v\u00e9sz S\u00e1nta Ferenc ifj. (2024) heged\u0171m\u0171v\u00e9sz, pr\u00edm\u00e1s Prof. dr. Kov\u00e1cs Melinda (2023) akad\u00e9mikus, egyetemi tan\u00e1r Varga L\u00e1szl\u00f3 (2022) megy\u00e9s p\u00fcsp\u00f6k Dr. Kerekesn\u00e9 Pytel Anna (2021) zenepedag\u00f3gus, k\u00f3rusvezet\u0151 Moln\u00e1r Piroska (2020) sz\u00ednm\u0171v\u00e9sz Prof. Dr. Rosta Istv\u00e1n (2019) tudom\u00e1nyt\u00f6rt\u00e9n\u00e9sz, egyetemi tan\u00e1r Gerber Andr\u00e1s (2018) a\u00a0Videoton Elektro-Plast Kft. \u00fcgyvezet\u0151 [&hellip;]<\/p>\n","protected":false},"author":1,"featured_media":1397,"parent":0,"menu_order":0,"comment_status":"closed","ping_status":"closed","template":"","meta":[],"acf":[],"yoast_head":"<!-- This site is optimized with the Yoast SEO plugin v19.8 - https:\/\/yoast.com\/wordpress\/plugins\/seo\/ -->\n<title>Kaposv\u00e1r d\u00edszpolg\u00e1rai - Kaposv\u00e1r Megyei Jog\u00fa V\u00e1ros<\/title>\n<meta name=\"robots\" content=\"index, follow, max-snippet:-1, max-image-preview:large, max-video-preview:-1\" \/>\n<link rel=\"canonical\" href=\"https:\/\/otthon.kaposvar.hu\/hu\/kaposvar-diszpolgarai\/\" \/>\n<meta property=\"og:locale\" content=\"hu_HU\" \/>\n<meta property=\"og:type\" content=\"article\" \/>\n<meta property=\"og:title\" content=\"Kaposv\u00e1r d\u00edszpolg\u00e1rai - Kaposv\u00e1r Megyei Jog\u00fa V\u00e1ros\" \/>\n<meta property=\"og:description\" content=\"Kassai Lajos (2026) \u00edjk\u00e9sz\u00edt\u0151, lovas \u00edj\u00e1sz Pog\u00e1ny Judit (2025) sz\u00ednm\u0171v\u00e9sz S\u00e1nta Ferenc ifj. (2024) heged\u0171m\u0171v\u00e9sz, pr\u00edm\u00e1s Prof. dr. Kov\u00e1cs Melinda (2023) akad\u00e9mikus, egyetemi tan\u00e1r Varga L\u00e1szl\u00f3 (2022) megy\u00e9s p\u00fcsp\u00f6k Dr. Kerekesn\u00e9 Pytel Anna (2021) zenepedag\u00f3gus, k\u00f3rusvezet\u0151 Moln\u00e1r Piroska (2020) sz\u00ednm\u0171v\u00e9sz Prof. Dr. Rosta Istv\u00e1n (2019) tudom\u00e1nyt\u00f6rt\u00e9n\u00e9sz, egyetemi tan\u00e1r Gerber Andr\u00e1s (2018) a\u00a0Videoton Elektro-Plast Kft. \u00fcgyvezet\u0151 [&hellip;]\" \/>\n<meta property=\"og:url\" content=\"https:\/\/otthon.kaposvar.hu\/hu\/kaposvar-diszpolgarai\/\" \/>\n<meta property=\"og:site_name\" content=\"Kaposv\u00e1r Megyei Jog\u00fa V\u00e1ros\" \/>\n<meta property=\"article:publisher\" content=\"https:\/\/www.facebook.com\/cityofkaposvar\/\" \/>\n<meta property=\"article:modified_time\" content=\"2026-01-28T15:13:05+00:00\" \/>\n<meta property=\"og:image\" content=\"https:\/\/otthon.kaposvar.hu\/wp-content\/uploads\/2017\/03\/kituntetettek.jpg\" \/>\n\t<meta property=\"og:image:width\" content=\"1920\" \/>\n\t<meta property=\"og:image:height\" content=\"1280\" \/>\n\t<meta property=\"og:image:type\" content=\"image\/jpeg\" \/>\n<meta name=\"twitter:card\" content=\"summary_large_image\" \/>\n<meta name=\"twitter:label1\" content=\"Becs\u00fclt olvas\u00e1si id\u0151\" \/>\n\t<meta name=\"twitter:data1\" content=\"2 perc\" \/>\n<script type=\"application\/ld+json\" class=\"yoast-schema-graph\">{\"@context\":\"https:\/\/schema.org\",\"@graph\":[{\"@type\":\"WebPage\",\"@id\":\"https:\/\/otthon.kaposvar.hu\/hu\/kaposvar-diszpolgarai\/\",\"url\":\"https:\/\/otthon.kaposvar.hu\/hu\/kaposvar-diszpolgarai\/\",\"name\":\"Kaposv\u00e1r d\u00edszpolg\u00e1rai - Kaposv\u00e1r Megyei Jog\u00fa V\u00e1ros\",\"isPartOf\":{\"@id\":\"https:\/\/otthon.kaposvar.hu\/hu\/#website\"},\"datePublished\":\"2017-03-03T20:44:45+00:00\",\"dateModified\":\"2026-01-28T15:13:05+00:00\",\"breadcrumb\":{\"@id\":\"https:\/\/otthon.kaposvar.hu\/hu\/kaposvar-diszpolgarai\/#breadcrumb\"},\"inLanguage\":\"hu\",\"potentialAction\":[{\"@type\":\"ReadAction\",\"target\":[[\"https:\/\/otthon.kaposvar.hu\/hu\/kaposvar-diszpolgarai\/\"]]}]},{\"@type\":\"BreadcrumbList\",\"@id\":\"https:\/\/otthon.kaposvar.hu\/hu\/kaposvar-diszpolgarai\/#breadcrumb\",\"itemListElement\":[{\"@type\":\"ListItem\",\"position\":1,\"name\":\"Home\",\"item\":\"https:\/\/otthon.kaposvar.hu\/hu\/\"},{\"@type\":\"ListItem\",\"position\":2,\"name\":\"Kaposv\u00e1r d\u00edszpolg\u00e1rai\"}]},{\"@type\":\"WebSite\",\"@id\":\"https:\/\/otthon.kaposvar.hu\/hu\/#website\",\"url\":\"https:\/\/otthon.kaposvar.hu\/hu\/\",\"name\":\"Kaposv\u00e1r Megyei Jog\u00fa V\u00e1ros\",\"description\":\"\",\"publisher\":{\"@id\":\"https:\/\/otthon.kaposvar.hu\/hu\/#organization\"},\"potentialAction\":[{\"@type\":\"SearchAction\",\"target\":{\"@type\":\"EntryPoint\",\"urlTemplate\":\"https:\/\/otthon.kaposvar.hu\/hu\/?s={search_term_string}\"},\"query-input\":\"required name=search_term_string\"}],\"inLanguage\":\"hu\"},{\"@type\":\"Organization\",\"@id\":\"https:\/\/otthon.kaposvar.hu\/hu\/#organization\",\"name\":\"Kaposv\u00e1r Megyei Jog\u00fa V\u00e1ros\",\"url\":\"https:\/\/otthon.kaposvar.hu\/hu\/\",\"sameAs\":[\"https:\/\/www.instagram.com\/cityofkaposvar\/\",\"https:\/\/www.facebook.com\/cityofkaposvar\/\"],\"logo\":{\"@type\":\"ImageObject\",\"inLanguage\":\"hu\",\"@id\":\"https:\/\/otthon.kaposvar.hu\/hu\/#\/schema\/logo\/image\/\",\"url\":\"https:\/\/otthon.kaposvar.hu\/wp-content\/uploads\/2021\/10\/kaposvar_social.jpg\",\"contentUrl\":\"https:\/\/otthon.kaposvar.hu\/wp-content\/uploads\/2021\/10\/kaposvar_social.jpg\",\"width\":1200,\"height\":900,\"caption\":\"Kaposv\u00e1r Megyei Jog\u00fa V\u00e1ros\"},\"image\":{\"@id\":\"https:\/\/otthon.kaposvar.hu\/hu\/#\/schema\/logo\/image\/\"}}]}<\/script>\n<!-- \/ Yoast SEO plugin. -->","yoast_head_json":{"title":"Kaposv\u00e1r d\u00edszpolg\u00e1rai - Kaposv\u00e1r Megyei Jog\u00fa V\u00e1ros","robots":{"index":"index","follow":"follow","max-snippet":"max-snippet:-1","max-image-preview":"max-image-preview:large","max-video-preview":"max-video-preview:-1"},"canonical":"https:\/\/otthon.kaposvar.hu\/hu\/kaposvar-diszpolgarai\/","og_locale":"hu_HU","og_type":"article","og_title":"Kaposv\u00e1r d\u00edszpolg\u00e1rai - Kaposv\u00e1r Megyei Jog\u00fa V\u00e1ros","og_description":"Kassai Lajos (2026) \u00edjk\u00e9sz\u00edt\u0151, lovas \u00edj\u00e1sz Pog\u00e1ny Judit (2025) sz\u00ednm\u0171v\u00e9sz S\u00e1nta Ferenc ifj. (2024) heged\u0171m\u0171v\u00e9sz, pr\u00edm\u00e1s Prof. dr. Kov\u00e1cs Melinda (2023) akad\u00e9mikus, egyetemi tan\u00e1r Varga L\u00e1szl\u00f3 (2022) megy\u00e9s p\u00fcsp\u00f6k Dr. Kerekesn\u00e9 Pytel Anna (2021) zenepedag\u00f3gus, k\u00f3rusvezet\u0151 Moln\u00e1r Piroska (2020) sz\u00ednm\u0171v\u00e9sz Prof. Dr. Rosta Istv\u00e1n (2019) tudom\u00e1nyt\u00f6rt\u00e9n\u00e9sz, egyetemi tan\u00e1r Gerber Andr\u00e1s (2018) a\u00a0Videoton Elektro-Plast Kft. \u00fcgyvezet\u0151 [&hellip;]","og_url":"https:\/\/otthon.kaposvar.hu\/hu\/kaposvar-diszpolgarai\/","og_site_name":"Kaposv\u00e1r Megyei Jog\u00fa V\u00e1ros","article_publisher":"https:\/\/www.facebook.com\/cityofkaposvar\/","article_modified_time":"2026-01-28T15:13:05+00:00","og_image":[{"width":1920,"height":1280,"url":"https:\/\/otthon.kaposvar.hu\/wp-content\/uploads\/2017\/03\/kituntetettek.jpg","type":"image\/jpeg"}],"twitter_card":"summary_large_image","twitter_misc":{"Becs\u00fclt olvas\u00e1si id\u0151":"2 perc"},"schema":{"@context":"https:\/\/schema.org","@graph":[{"@type":"WebPage","@id":"https:\/\/otthon.kaposvar.hu\/hu\/kaposvar-diszpolgarai\/","url":"https:\/\/otthon.kaposvar.hu\/hu\/kaposvar-diszpolgarai\/","name":"Kaposv\u00e1r d\u00edszpolg\u00e1rai - Kaposv\u00e1r Megyei Jog\u00fa V\u00e1ros","isPartOf":{"@id":"https:\/\/otthon.kaposvar.hu\/hu\/#website"},"datePublished":"2017-03-03T20:44:45+00:00","dateModified":"2026-01-28T15:13:05+00:00","breadcrumb":{"@id":"https:\/\/otthon.kaposvar.hu\/hu\/kaposvar-diszpolgarai\/#breadcrumb"},"inLanguage":"hu","potentialAction":[{"@type":"ReadAction","target":[["https:\/\/otthon.kaposvar.hu\/hu\/kaposvar-diszpolgarai\/"]]}]},{"@type":"BreadcrumbList","@id":"https:\/\/otthon.kaposvar.hu\/hu\/kaposvar-diszpolgarai\/#breadcrumb","itemListElement":[{"@type":"ListItem","position":1,"name":"Home","item":"https:\/\/otthon.kaposvar.hu\/hu\/"},{"@type":"ListItem","position":2,"name":"Kaposv\u00e1r d\u00edszpolg\u00e1rai"}]},{"@type":"WebSite","@id":"https:\/\/otthon.kaposvar.hu\/hu\/#website","url":"https:\/\/otthon.kaposvar.hu\/hu\/","name":"Kaposv\u00e1r Megyei Jog\u00fa V\u00e1ros","description":"","publisher":{"@id":"https:\/\/otthon.kaposvar.hu\/hu\/#organization"},"potentialAction":[{"@type":"SearchAction","target":{"@type":"EntryPoint","urlTemplate":"https:\/\/otthon.kaposvar.hu\/hu\/?s={search_term_string}"},"query-input":"required name=search_term_string"}],"inLanguage":"hu"},{"@type":"Organization","@id":"https:\/\/otthon.kaposvar.hu\/hu\/#organization","name":"Kaposv\u00e1r Megyei Jog\u00fa V\u00e1ros","url":"https:\/\/otthon.kaposvar.hu\/hu\/","sameAs":["https:\/\/www.instagram.com\/cityofkaposvar\/","https:\/\/www.facebook.com\/cityofkaposvar\/"],"logo":{"@type":"ImageObject","inLanguage":"hu","@id":"https:\/\/otthon.kaposvar.hu\/hu\/#\/schema\/logo\/image\/","url":"https:\/\/otthon.kaposvar.hu\/wp-content\/uploads\/2021\/10\/kaposvar_social.jpg","contentUrl":"https:\/\/otthon.kaposvar.hu\/wp-content\/uploads\/2021\/10\/kaposvar_social.jpg","width":1200,"height":900,"caption":"Kaposv\u00e1r Megyei Jog\u00fa V\u00e1ros"},"image":{"@id":"https:\/\/otthon.kaposvar.hu\/hu\/#\/schema\/logo\/image\/"}}]}},"_links":{"self":[{"href":"https:\/\/otthon.kaposvar.hu\/hu\/wp-json\/wp\/v2\/pages\/1186"}],"collection":[{"href":"https:\/\/otthon.kaposvar.hu\/hu\/wp-json\/wp\/v2\/pages"}],"about":[{"href":"https:\/\/otthon.kaposvar.hu\/hu\/wp-json\/wp\/v2\/types\/page"}],"author":[{"embeddable":true,"href":"https:\/\/otthon.kaposvar.hu\/hu\/wp-json\/wp\/v2\/users\/1"}],"replies":[{"embeddable":true,"href":"https:\/\/otthon.kaposvar.hu\/hu\/wp-json\/wp\/v2\/comments?post=1186"}],"version-history":[{"count":0,"href":"https:\/\/otthon.kaposvar.hu\/hu\/wp-json\/wp\/v2\/pages\/1186\/revisions"}],"wp:featuredmedia":[{"embeddable":true,"href":"https:\/\/otthon.kaposvar.hu\/hu\/wp-json\/wp\/v2\/media\/1397"}],"wp:attachment":[{"href":"https:\/\/otthon.kaposvar.hu\/hu\/wp-json\/wp\/v2\/media?parent=1186"}],"curies":[{"name":"wp","href":"https:\/\/api.w.org\/{rel}","templated":true}]}}